{"id":738,"date":"2026-05-05T11:31:27","date_gmt":"2026-05-05T11:31:27","guid":{"rendered":"https:\/\/calabria-casa-vacanze.it\/?page_id=738"},"modified":"2026-08-07T18:21:43","modified_gmt":"2026-08-07T18:21:43","slug":"contact-us","status":"publish","type":"page","link":"https:\/\/calabria-casa-vacanze.it\/en\/contact-us\/","title":{"rendered":"Contact Us"},"content":{"rendered":"\t\t<div data-elementor-type=\"wp-page\" data-elementor-id=\"738\" class=\"elementor elementor-738\" data-elementor-post-type=\"page\">\n\t\t\t\t<div class=\"elementor-element elementor-element-1911b722 e-flex e-con-boxed e-con e-parent\" data-id=\"1911b722\" data-element_type=\"container\" data-e-type=\"container\">\n\t\t\t\t\t<div class=\"e-con-inner\">\n\t\t<div class=\"elementor-element elementor-element-d6a3e41 e-con-full e-flex e-con e-child\" data-id=\"d6a3e41\" data-element_type=\"container\" data-e-type=\"container\" data-settings=\"{&quot;background_background&quot;:&quot;classic&quot;}\">\n\t\t<div class=\"elementor-element elementor-element-11529d4 e-con-full e-flex e-con e-child\" data-id=\"11529d4\" data-element_type=\"container\" data-e-type=\"container\">\n\t\t<div class=\"elementor-element elementor-element-4a02c0f e-con-full e-flex e-con e-child\" data-id=\"4a02c0f\" data-element_type=\"container\" data-e-type=\"container\">\n\t\t<div class=\"elementor-element elementor-element-6cd3a88 e-flex e-con-boxed e-con e-child\" data-id=\"6cd3a88\" data-element_type=\"container\" data-e-type=\"container\">\n\t\t\t\t\t<div class=\"e-con-inner\">\n\t\t\t\t<div class=\"elementor-element elementor-element-9e013c1 elementor-widget__width-initial animated-slow elementor-invisible elementor-widget elementor-widget-text-editor\" data-id=\"9e013c1\" data-element_type=\"widget\" data-e-type=\"widget\" data-settings=\"{&quot;_animation&quot;:&quot;fadeIn&quot;}\" data-widget_type=\"text-editor.default\">\n\t\t\t\t\t\t\t\t\t<p>SIAMO A TUA DISPOSIZIONE<\/p>\t\t\t\t\t\t\t\t<\/div>\n\t\t\t\t<div class=\"elementor-element elementor-element-e7030e5 elementor-widget__width-initial elementor-widget-tablet__width-initial blur-bg elementor-widget-mobile__width-inherit elementor-widget elementor-widget-heading\" data-id=\"e7030e5\" data-element_type=\"widget\" data-e-type=\"widget\" data-widget_type=\"heading.default\">\n\t\t\t\t\t<h2 class=\"elementor-heading-title elementor-size-default\">Hai una domanda? Saremo felici di aiutarti<\/h2>\t\t\t\t<\/div>\n\t\t\t\t<div class=\"elementor-element elementor-element-51a171c elementor-widget__width-initial elementor-widget elementor-widget-text-editor\" data-id=\"51a171c\" data-element_type=\"widget\" data-e-type=\"widget\" data-widget_type=\"text-editor.default\">\n\t\t\t\t\t\t\t\t\t<p>Contattaci per ricevere informazioni sulla casa, sulla disponibilit\u00e0 o sul soggiorno. Ti risponderemo il prima possibile per aiutarti a organizzare la tua vacanza.<\/p>\t\t\t\t\t\t\t\t<\/div>\n\t\t\t\t<div class=\"elementor-element elementor-element-d6588ee elementor-align-center elementor-widget elementor-widget-button\" data-id=\"d6588ee\" data-element_type=\"widget\" data-e-type=\"widget\" data-widget_type=\"button.default\">\n\t\t\t\t\t\t\t\t\t\t<a class=\"elementor-button elementor-button-link elementor-size-sm\" href=\"https:\/\/calabria-casa-vacanze.it\/check-availability\/\">\n\t\t\t\t\t\t<span class=\"elementor-button-content-wrapper\">\n\t\t\t\t\t\t<span class=\"elementor-button-icon\">\n\t\t\t\t<svg aria-hidden=\"true\" class=\"e-font-icon-svg e-fas-arrow-right\" viewBox=\"0 0 448 512\" xmlns=\"http:\/\/www.w3.org\/2000\/svg\"><path d=\"M190.5 66.9l22.2-22.2c9.4-9.4 24.6-9.4 33.9 0L441 239c9.4 9.4 9.4 24.6 0 33.9L246.6 467.3c-9.4 9.4-24.6 9.4-33.9 0l-22.2-22.2c-9.5-9.5-9.3-25 .4-34.3L311.4 296H24c-13.3 0-24-10.7-24-24v-32c0-13.3 10.7-24 24-24h287.4L190.9 101.2c-9.8-9.3-10-24.8-.4-34.3z\"><\/path><\/svg>\t\t\t<\/span>\n\t\t\t\t\t\t\t\t\t<span class=\"elementor-button-text\">Disponibilit\u00e0<\/span>\n\t\t\t\t\t<\/span>\n\t\t\t\t\t<\/a>\n\t\t\t\t\t\t\t\t<\/div>\n\t\t\t\t\t<\/div>\n\t\t\t\t<\/div>\n\t\t\t\t<\/div>\n\t\t\t\t<\/div>\n\t\t\t\t<\/div>\n\t\t\t\t\t<\/div>\n\t\t\t\t<\/div>\n\t\t<div class=\"elementor-element elementor-element-45b067b3 e-flex e-con-boxed e-con e-parent\" data-id=\"45b067b3\" data-element_type=\"container\" data-e-type=\"container\">\n\t\t\t\t\t<div class=\"e-con-inner\">\n\t\t<div class=\"elementor-element elementor-element-29e2c80f e-con-full e-flex e-con e-child\" data-id=\"29e2c80f\" data-element_type=\"container\" data-e-type=\"container\">\n\t\t<div class=\"elementor-element elementor-element-5c2078ee e-con-full e-flex e-con e-child\" data-id=\"5c2078ee\" data-element_type=\"container\" data-e-type=\"container\">\n\t\t\t\t<div class=\"elementor-element elementor-element-2f3b7c92 elementor-widget elementor-widget-heading\" data-id=\"2f3b7c92\" data-element_type=\"widget\" data-e-type=\"widget\" data-widget_type=\"heading.default\">\n\t\t\t\t\t<div class=\"elementor-heading-title elementor-size-default\">Mettiamoci in contatto<\/div>\t\t\t\t<\/div>\n\t\t\t\t<div class=\"elementor-element elementor-element-3019c22f elementor-widget__width-initial elementor-widget-tablet__width-inherit elementor-widget elementor-widget-heading\" data-id=\"3019c22f\" data-element_type=\"widget\" data-e-type=\"widget\" data-widget_type=\"heading.default\">\n\t\t\t\t\t<h2 class=\"elementor-heading-title elementor-size-default\">Preferisci scriverci o parlare direttamente con noi?<\/h2>\t\t\t\t<\/div>\n\t\t\t\t\t<p class=\"e-paragraph-base\" data-interaction-id=\"b2e9efe\" data-e-type=\"widget\" data-id=\"b2e9efe\">Compila il modulo oppure chiamaci: saremo felici di aiutarti a scegliere il periodo migliore per il tuo soggiorno e rispondere a qualsiasi domanda sulla casa.<\/p>\n\t\t\t\t<\/div>\n\t\t<div class=\"elementor-element elementor-element-153f0d2c e-con-full e-flex e-con e-child\" data-id=\"153f0d2c\" data-element_type=\"container\" data-e-type=\"container\" data-settings=\"{&quot;background_background&quot;:&quot;classic&quot;}\">\n\t\t\t\t<div class=\"elementor-element elementor-element-7f52808b elementor-view-stacked elementor-shape-square elementor-position-inline-end elementor-tablet-position-block-start elementor-widget__width-initial elementor-mobile-position-block-start elementor-widget elementor-widget-icon-box\" data-id=\"7f52808b\" data-element_type=\"widget\" data-e-type=\"widget\" data-widget_type=\"icon-box.default\">\n\t\t\t\t\t\t\t<div class=\"elementor-icon-box-wrapper\">\n\n\t\t\t\t\t\t<div class=\"elementor-icon-box-icon\">\n\t\t\t\t<a href=\"tel:+393292237947\" class=\"elementor-icon\" tabindex=\"-1\" aria-label=\"Chiamaci\">\n\t\t\t\t<svg aria-hidden=\"true\" class=\"e-font-icon-svg e-fas-phone-alt\" viewBox=\"0 0 512 512\" xmlns=\"http:\/\/www.w3.org\/2000\/svg\"><path d=\"M497.39 361.8l-112-48a24 24 0 0 0-28 6.9l-49.6 60.6A370.66 370.66 0 0 1 130.6 204.11l60.6-49.6a23.94 23.94 0 0 0 6.9-28l-48-112A24.16 24.16 0 0 0 122.6.61l-104 24A24 24 0 0 0 0 48c0 256.5 207.9 464 464 464a24 24 0 0 0 23.4-18.6l24-104a24.29 24.29 0 0 0-14.01-27.6z\"><\/path><\/svg>\t\t\t\t<\/a>\n\t\t\t<\/div>\n\t\t\t\n\t\t\t\t\t\t<div class=\"elementor-icon-box-content\">\n\n\t\t\t\t\t\t\t\t\t<h5 class=\"elementor-icon-box-title\">\n\t\t\t\t\t\t<a href=\"tel:+393292237947\" >\n\t\t\t\t\t\t\tChiamaci\t\t\t\t\t\t<\/a>\n\t\t\t\t\t<\/h5>\n\t\t\t\t\n\t\t\t\t\t\t\t\t\t<p class=\"elementor-icon-box-description\">\n\t\t\t\t\t\t+39 329 22 37 947\t\t\t\t\t<\/p>\n\t\t\t\t\n\t\t\t<\/div>\n\t\t\t\n\t\t<\/div>\n\t\t\t\t\t\t<\/div>\n\t\t\t\t<div class=\"elementor-element elementor-element-10a857f elementor-view-stacked elementor-shape-square elementor-position-inline-end elementor-tablet-position-block-start elementor-widget__width-initial elementor-mobile-position-block-start elementor-widget elementor-widget-icon-box\" data-id=\"10a857f\" data-element_type=\"widget\" data-e-type=\"widget\" data-widget_type=\"icon-box.default\">\n\t\t\t\t\t\t\t<div class=\"elementor-icon-box-wrapper\">\n\n\t\t\t\t\t\t<div class=\"elementor-icon-box-icon\">\n\t\t\t\t<a href=\"mailto:info@calabria-casa-vacanze.it\" class=\"elementor-icon\" tabindex=\"-1\" aria-label=\"Scrivici\">\n\t\t\t\t<svg aria-hidden=\"true\" class=\"e-font-icon-svg e-fas-envelope\" viewBox=\"0 0 512 512\" xmlns=\"http:\/\/www.w3.org\/2000\/svg\"><path d=\"M502.3 190.8c3.9-3.1 9.7-.2 9.7 4.7V400c0 26.5-21.5 48-48 48H48c-26.5 0-48-21.5-48-48V195.6c0-5 5.7-7.8 9.7-4.7 22.4 17.4 52.1 39.5 154.1 113.6 21.1 15.4 56.7 47.8 92.2 47.6 35.7.3 72-32.8 92.3-47.6 102-74.1 131.6-96.3 154-113.7zM256 320c23.2.4 56.6-29.2 73.4-41.4 132.7-96.3 142.8-104.7 173.4-128.7 5.8-4.5 9.2-11.5 9.2-18.9v-19c0-26.5-21.5-48-48-48H48C21.5 64 0 85.5 0 112v19c0 7.4 3.4 14.3 9.2 18.9 30.6 23.9 40.7 32.4 173.4 128.7 16.8 12.2 50.2 41.8 73.4 41.4z\"><\/path><\/svg>\t\t\t\t<\/a>\n\t\t\t<\/div>\n\t\t\t\n\t\t\t\t\t\t<div class=\"elementor-icon-box-content\">\n\n\t\t\t\t\t\t\t\t\t<h5 class=\"elementor-icon-box-title\">\n\t\t\t\t\t\t<a href=\"mailto:info@calabria-casa-vacanze.it\" >\n\t\t\t\t\t\t\tScrivici\t\t\t\t\t\t<\/a>\n\t\t\t\t\t<\/h5>\n\t\t\t\t\n\t\t\t\t\t\t\t\t\t<p class=\"elementor-icon-box-description\">\n\t\t\t\t\t\tinfocalabriacasavacanze@gmail.com\n\t\t\t\t\t<\/p>\n\t\t\t\t\n\t\t\t<\/div>\n\t\t\t\n\t\t<\/div>\n\t\t\t\t\t\t<\/div>\n\t\t\t\t<div class=\"elementor-element elementor-element-1114f8a elementor-view-stacked elementor-shape-square elementor-position-inline-end elementor-tablet-position-block-start elementor-widget__width-initial elementor-mobile-position-block-start elementor-widget elementor-widget-icon-box\" data-id=\"1114f8a\" data-element_type=\"widget\" data-e-type=\"widget\" data-widget_type=\"icon-box.default\">\n\t\t\t\t\t\t\t<div class=\"elementor-icon-box-wrapper\">\n\n\t\t\t\t\t\t<div class=\"elementor-icon-box-icon\">\n\t\t\t\t<span  class=\"elementor-icon\">\n\t\t\t\t<svg aria-hidden=\"true\" class=\"e-font-icon-svg e-fas-map-marker-alt\" viewBox=\"0 0 384 512\" xmlns=\"http:\/\/www.w3.org\/2000\/svg\"><path d=\"M172.268 501.67C26.97 291.031 0 269.413 0 192 0 85.961 85.961 0 192 0s192 85.961 192 192c0 77.413-26.97 99.031-172.268 309.67-9.535 13.774-29.93 13.773-39.464 0zM192 272c44.183 0 80-35.817 80-80s-35.817-80-80-80-80 35.817-80 80 35.817 80 80 80z\"><\/path><\/svg>\t\t\t\t<\/span>\n\t\t\t<\/div>\n\t\t\t\n\t\t\t\t\t\t<div class=\"elementor-icon-box-content\">\n\n\t\t\t\t\t\t\t\t\t<h5 class=\"elementor-icon-box-title\">\n\t\t\t\t\t\t<span  >\n\t\t\t\t\t\t\tIndirizzo\t\t\t\t\t\t<\/span>\n\t\t\t\t\t<\/h5>\n\t\t\t\t\n\t\t\t\t\t\t\t\t\t<p class=\"elementor-icon-box-description\">\n\t\t\t\t\t\tVia Santa Maria 10, Cariati Marina, 00041 CS\t\t\t\t\t<\/p>\n\t\t\t\t\n\t\t\t<\/div>\n\t\t\t\n\t\t<\/div>\n\t\t\t\t\t\t<\/div>\n\t\t\t\t<\/div>\n\t\t\t\t<\/div>\n\t\t<div class=\"elementor-element elementor-element-b808a34 e-con-full e-flex e-con e-child\" data-id=\"b808a34\" data-element_type=\"container\" data-e-type=\"container\">\n\t\t<div class=\"elementor-element elementor-element-ba8a0b3 e-con-full e-flex e-con e-child\" data-id=\"ba8a0b3\" data-element_type=\"container\" data-e-type=\"container\">\n\t\t<div class=\"elementor-element elementor-element-316a5ca e-con-full e-flex e-con e-child\" data-id=\"316a5ca\" data-element_type=\"container\" data-e-type=\"container\">\n\t\t\t\t<div class=\"elementor-element elementor-element-5cf4552 elementor-widget elementor-widget-image\" data-id=\"5cf4552\" data-element_type=\"widget\" data-e-type=\"widget\" data-widget_type=\"image.default\">\n\t\t\t\t\t\t\t\t\t\t\t\t\t\t\t<img fetchpriority=\"high\" decoding=\"async\" width=\"1920\" height=\"1277\" src=\"https:\/\/calabria-casa-vacanze.it\/wp-content\/uploads\/2026\/07\/calabria-casa-vacanze-la-dimora-di-arianna-cariati-esterno-2.webp\" class=\"attachment-full size-full wp-image-2172\" alt=\"Facciata della casa vacanze rosa La Dimora di Arianna a Cariati con portico attrezzato per mangiare all&apos;aperto e barbecue in muratura.\" srcset=\"https:\/\/calabria-casa-vacanze.it\/wp-content\/uploads\/2026\/07\/calabria-casa-vacanze-la-dimora-di-arianna-cariati-esterno-2.webp 1920w, https:\/\/calabria-casa-vacanze.it\/wp-content\/uploads\/2026\/07\/calabria-casa-vacanze-la-dimora-di-arianna-cariati-esterno-2-300x200.webp 300w, https:\/\/calabria-casa-vacanze.it\/wp-content\/uploads\/2026\/07\/calabria-casa-vacanze-la-dimora-di-arianna-cariati-esterno-2-1024x681.webp 1024w, https:\/\/calabria-casa-vacanze.it\/wp-content\/uploads\/2026\/07\/calabria-casa-vacanze-la-dimora-di-arianna-cariati-esterno-2-768x511.webp 768w, https:\/\/calabria-casa-vacanze.it\/wp-content\/uploads\/2026\/07\/calabria-casa-vacanze-la-dimora-di-arianna-cariati-esterno-2-1536x1022.webp 1536w\" sizes=\"(max-width: 1920px) 100vw, 1920px\" \/>\t\t\t\t\t\t\t\t\t\t\t\t\t\t\t<\/div>\n\t\t\t\t<\/div>\n\t\t<div class=\"elementor-element elementor-element-5ea2fc1 e-con-full e-flex e-con e-child\" data-id=\"5ea2fc1\" data-element_type=\"container\" data-e-type=\"container\">\n\t\t<div class=\"elementor-element elementor-element-6ff8726 e-con-full e-flex e-con e-child\" data-id=\"6ff8726\" data-element_type=\"container\" data-e-type=\"container\">\n\t\t\t\t<div class=\"elementor-element elementor-element-237343c elementor-widget elementor-widget-shortcode\" data-id=\"237343c\" data-element_type=\"widget\" data-e-type=\"widget\" data-widget_type=\"shortcode.default\">\n\t\t\t\t\t\t\t<div class=\"elementor-shortcode\">        <section class=\"ccv-form\" aria-labelledby=\"ccv-form-1-title\">\n\n                            <header class=\"ccv-form__header\">\n                    <h2 id=\"ccv-form-1-title\" class=\"ccv-form__title\">\n                        Contattaci                    <\/h2>\n\n                                            <p class=\"ccv-form__subtitle\">\n                            Compila il modulo: ti risponderemo nel pi\u00f9 breve tempo possibile.                        <\/p>\n                                    <\/header>\n            \n            <form class=\"ccv-form__form\" method=\"post\" action=\"\" novalidate data-ccv-form=\"1\">\n\n                <input type=\"hidden\" name=\"action\" value=\"ccv_submit_form\">\n                <input type=\"hidden\" name=\"ccv_form_nonce\" value=\"271f5da8bf\">\n                <input type=\"hidden\" name=\"ccv_page_url\" value=\"https:\/\/calabria-casa-vacanze.it\/en\/wp-json\/wp\/v2\/pages\/738\">\n\n                <div class=\"ccv-form__grid\">\n                    <div class=\"ccv-form__field\">\n                        <label for=\"ccv-form-1-name\">Nome e cognome<\/label>\n                        <input\n                            id=\"ccv-form-1-name\"\n                            name=\"ccv_name\"\n                            type=\"text\"\n                            autocomplete=\"name\"\n                            maxlength=\"120\"\n                            required\n                        >\n                        <p id=\"ccv-form-1-name-error\" class=\"ccv-form__field-error\" aria-live=\"polite\"><\/p>\n                    <\/div>\n\n                    <div class=\"ccv-form__field\">\n                        <label for=\"ccv-form-1-email\">Email<\/label>\n                        <input\n                            id=\"ccv-form-1-email\"\n                            name=\"ccv_email\"\n                            type=\"email\"\n                            autocomplete=\"email\"\n                            maxlength=\"190\"\n                            required\n                        >\n                        <p id=\"ccv-form-1-email-error\" class=\"ccv-form__field-error\" aria-live=\"polite\"><\/p>\n                    <\/div>\n\n                    <div class=\"ccv-form__field\">\n                        <label for=\"ccv-form-1-phone\">Telefono <span class=\"ccv-form__optional\">(facoltativo)<\/span><\/label>\n                        <input\n                            id=\"ccv-form-1-phone\"\n                            name=\"ccv_phone\"\n                            type=\"tel\"\n                            autocomplete=\"tel\"\n                            maxlength=\"40\"\n                        >\n                        <p id=\"ccv-form-1-phone-error\" class=\"ccv-form__field-error\" aria-live=\"polite\"><\/p>\n                    <\/div>\n\n                    <div class=\"ccv-form__field\">\n                        <label for=\"ccv-form-1-subject\">Oggetto<\/label>\n                        <input\n                            id=\"ccv-form-1-subject\"\n                            name=\"ccv_subject\"\n                            type=\"text\"\n                            maxlength=\"160\"\n                            required\n                        >\n                        <p id=\"ccv-form-1-subject-error\" class=\"ccv-form__field-error\" aria-live=\"polite\"><\/p>\n                    <\/div>\n                <\/div>\n\n                <div class=\"ccv-form__field ccv-form__field--full\">\n                    <label for=\"ccv-form-1-message\">Messaggio<\/label>\n                    <textarea\n                        id=\"ccv-form-1-message\"\n                        name=\"ccv_message\"\n                        rows=\"6\"\n                        maxlength=\"3000\"\n                        required\n                    ><\/textarea>\n                    <p id=\"ccv-form-1-message-error\" class=\"ccv-form__field-error\" aria-live=\"polite\"><\/p>\n                <\/div>\n\n                <div class=\"ccv-form__honeypot\" aria-hidden=\"true\">\n                    <label for=\"ccv-form-1-website\">Sito web<\/label>\n                    <input\n                        id=\"ccv-form-1-website\"\n                        name=\"ccv_website\"\n                        type=\"text\"\n                        tabindex=\"-1\"\n                        autocomplete=\"off\"\n                    >\n                <\/div>\n\n                <div class=\"ccv-form__consents\">\n                    <div class=\"ccv-form__check ccv-form__check--privacy\">\n                        <input\n                            id=\"ccv-form-1-privacy\"\n                            name=\"ccv_privacy_consent\"\n                            type=\"checkbox\"\n                            value=\"1\"\n                            required\n                        >\n                        <span>\n                            <label for=\"ccv-form-1-privacy\">Ho letto e accetto l\u2019<\/label><button\n                                class=\"ccv-form__privacy-link\"\n                                type=\"button\"\n                                aria-haspopup=\"dialog\"\n                                aria-controls=\"ccv-form-1-privacy-modal\"\n                                data-ccv-open-privacy\n                            >informativa sulla privacy<\/button>.*\n                        <\/span>\n                    <\/div>\n                    <p id=\"ccv-form-1-privacy-error\" class=\"ccv-form__field-error ccv-form__field-error--consent\" aria-live=\"polite\"><\/p>\n\n                    <label class=\"ccv-form__check\">\n                        <input name=\"ccv_marketing_consent\" type=\"checkbox\" value=\"1\">\n                        <span>Acconsento a ricevere comunicazioni e aggiornamenti. <span class=\"ccv-form__optional\">(facoltativo)<\/span><\/span>\n                    <\/label>\n                <\/div>\n\n                <div class=\"ccv-form__actions\">\n                    <button class=\"ccv-form__button\" type=\"submit\" data-ccv-submit>\n                        <span class=\"ccv-form__button-label\">Invia richiesta<\/span>\n                        <span class=\"ccv-form__spinner\" aria-hidden=\"true\"><\/span>\n                    <\/button>\n\n                    <p class=\"ccv-form__status\" role=\"status\" aria-live=\"polite\"><\/p>\n                <\/div>\n\n            <\/form>\n\n            <div\n                id=\"ccv-form-1-privacy-modal\"\n                class=\"ccv-form__modal\"\n                role=\"dialog\"\n                aria-modal=\"true\"\n                aria-labelledby=\"ccv-form-1-privacy-title\"\n                hidden\n                data-ccv-privacy-modal\n            >\n                <div class=\"ccv-form__modal-backdrop\" data-ccv-close-privacy><\/div>\n                <div class=\"ccv-form__modal-panel\" role=\"document\">\n                    <button class=\"ccv-form__modal-close\" type=\"button\" aria-label=\"Chiudi l\u2019informativa\" data-ccv-close-privacy>\u00d7<\/button>\n                    <h3 id=\"ccv-form-1-privacy-title\" class=\"ccv-form__modal-title\">Informativa sulla Privacy<\/h3>\n                    <div class=\"ccv-form__modal-content\">\n                        <p><strong>Titolare del trattamento dei dati<\/strong> \u00e8 Tiziano Milani, contattabile all\u2019indirizzo <a href=\"mailto:infocalabriacasavacanze@gmail.com\">infocalabriacasavacanze@gmail.com<\/a>.<\/p>\n                        <p>Questo sito pu\u00f2 raccogliere dati personali inviati volontariamente tramite moduli di contatto, email, WhatsApp o richieste di prenotazione. I dati vengono utilizzati esclusivamente per fornire informazioni, gestire richieste e migliorare i servizi offerti.<\/p>\n                        <p>Il sito utilizza strumenti di analisi, contenuti esterni e servizi di terze parti che potrebbero raccogliere dati tecnici e di navigazione nel rispetto delle normative vigenti.<\/p>\n                        <p><strong>Hosting del sito:<\/strong> WPX Hosting.<\/p>\n                        <p>Per maggiori informazioni o richieste relative ai dati personali \u00e8 possibile contattare il titolare tramite email.<\/p>\n                    <\/div>\n                    <div class=\"ccv-form__modal-actions\">\n                        <button class=\"ccv-form__modal-read\" type=\"button\" data-ccv-privacy-read>Ho letto<\/button>\n                    <\/div>\n                <\/div>\n            <\/div>\n        <\/section>\n        <\/div>\n\t\t\t\t\t\t<\/div>\n\t\t\t\t<\/div>\n\t\t\t\t<\/div>\n\t\t\t\t<\/div>\n\t\t\t\t<\/div>\n\t\t\t\t\t<\/div>\n\t\t\t\t<\/div>\n\t\t<div class=\"elementor-element elementor-element-c7a398e e-flex e-con-boxed e-con e-parent\" data-id=\"c7a398e\" data-element_type=\"container\" data-e-type=\"container\">\n\t\t\t\t\t<div class=\"e-con-inner\">\n\t\t<div class=\"elementor-element elementor-element-7b6af69 e-con-full e-flex e-con e-child\" data-id=\"7b6af69\" data-element_type=\"container\" data-e-type=\"container\">\n\t\t<div class=\"elementor-element elementor-element-47f33cb e-con-full e-flex e-con e-child\" data-id=\"47f33cb\" data-element_type=\"container\" data-e-type=\"container\">\n\t\t\t\t<div class=\"elementor-element elementor-element-fe35f1d elementor-widget elementor-widget-heading\" data-id=\"fe35f1d\" data-element_type=\"widget\" data-e-type=\"widget\" data-widget_type=\"heading.default\">\n\t\t\t\t\t<div class=\"elementor-heading-title elementor-size-default\">COME RAGGIUNGERCI<\/div>\t\t\t\t<\/div>\n\t\t\t\t<div class=\"elementor-element elementor-element-56f8062 elementor-widget__width-initial elementor-widget-tablet__width-inherit elementor-widget elementor-widget-heading\" data-id=\"56f8062\" data-element_type=\"widget\" data-e-type=\"widget\" data-widget_type=\"heading.default\">\n\t\t\t\t\t<h2 class=\"elementor-heading-title elementor-size-default\">Arrivare a La Dimora di Arianna \u00e8 semplice<\/h2>\t\t\t\t<\/div>\n\t\t\t\t\t<p class=\"e-paragraph-base\" data-interaction-id=\"546b521\" data-e-type=\"widget\" data-id=\"546b521\">Che tu arrivi in aereo, treno, autobus o auto, raggiungere La Dimora di Arianna \u00e8 semplice. In questa sezione trovi i principali collegamenti, i siti ufficiali e le informazioni utili per organizzare il tuo viaggio fino a Cariati Marina.<\/p>\n\t\t<div class=\"elementor-element elementor-element-56871c0 e-grid e-con-boxed e-con e-child\" data-id=\"56871c0\" data-element_type=\"container\" data-e-type=\"container\">\n\t\t\t\t\t<div class=\"e-con-inner\">\n\t\t<div class=\"elementor-element elementor-element-48a4c21 e-con-full e-flex e-con e-child\" data-id=\"48a4c21\" data-element_type=\"container\" data-e-type=\"container\" data-settings=\"{&quot;animation&quot;:&quot;none&quot;}\">\n\t\t\t\t<div class=\"elementor-element elementor-element-3ab7cb1 elementor-view-stacked elementor-shape-circle elementor-position-block-start elementor-mobile-position-block-start elementor-widget elementor-widget-icon-box\" data-id=\"3ab7cb1\" data-element_type=\"widget\" data-e-type=\"widget\" data-widget_type=\"icon-box.default\">\n\t\t\t\t\t\t\t<div class=\"elementor-icon-box-wrapper\">\n\n\t\t\t\t\t\t<div class=\"elementor-icon-box-icon\">\n\t\t\t\t<span  class=\"elementor-icon\">\n\t\t\t\t<svg aria-hidden=\"true\" class=\"e-font-icon-svg e-fas-plane\" viewBox=\"0 0 576 512\" xmlns=\"http:\/\/www.w3.org\/2000\/svg\"><path d=\"M480 192H365.71L260.61 8.06A16.014 16.014 0 0 0 246.71 0h-65.5c-10.63 0-18.3 10.17-15.38 20.39L214.86 192H112l-43.2-57.6c-3.02-4.03-7.77-6.4-12.8-6.4H16.01C5.6 128-2.04 137.78.49 147.88L32 256 .49 364.12C-2.04 374.22 5.6 384 16.01 384H56c5.04 0 9.78-2.37 12.8-6.4L112 320h102.86l-49.03 171.6c-2.92 10.22 4.75 20.4 15.38 20.4h65.5c5.74 0 11.04-3.08 13.89-8.06L365.71 320H480c35.35 0 96-28.65 96-64s-60.65-64-96-64z\"><\/path><\/svg>\t\t\t\t<\/span>\n\t\t\t<\/div>\n\t\t\t\n\t\t\t\t\t\t<div class=\"elementor-icon-box-content\">\n\n\t\t\t\t\t\t\t\t\t<h3 class=\"elementor-icon-box-title\">\n\t\t\t\t\t\t<span  >\n\t\t\t\t\t\t\tIn Aereo\t\t\t\t\t\t<\/span>\n\t\t\t\t\t<\/h3>\n\t\t\t\t\n\t\t\t\t\t\t\t\t\t<p class=\"elementor-icon-box-description\">\n\t\t\t\t\t\tConsulta i principali aeroporti, i voli disponibili e i collegamenti per raggiungere facilmente Cariati Marina.\t\t\t\t\t<\/p>\n\t\t\t\t\n\t\t\t<\/div>\n\t\t\t\n\t\t<\/div>\n\t\t\t\t\t\t<\/div>\n\t\t\t\t<div class=\"elementor-element elementor-element-362f200 elementor-icon-list--layout-traditional elementor-list-item-link-full_width elementor-widget elementor-widget-icon-list\" data-id=\"362f200\" data-element_type=\"widget\" data-e-type=\"widget\" data-widget_type=\"icon-list.default\">\n\t\t\t\t\t\t\t<ul class=\"elementor-icon-list-items\">\n\t\t\t\t\t\t\t<li class=\"elementor-icon-list-item\">\n\t\t\t\t\t\t\t\t\t\t\t<a href=\"https:\/\/sacal.it\/it\/\" target=\"_blank\" rel=\"noopener\">\n\n\t\t\t\t\t\t\t\t\t\t\t\t<span class=\"elementor-icon-list-icon\">\n\t\t\t\t\t\t\t<svg aria-hidden=\"true\" class=\"e-font-icon-svg e-fas-arrow-right\" viewBox=\"0 0 448 512\" xmlns=\"http:\/\/www.w3.org\/2000\/svg\"><path d=\"M190.5 66.9l22.2-22.2c9.4-9.4 24.6-9.4 33.9 0L441 239c9.4 9.4 9.4 24.6 0 33.9L246.6 467.3c-9.4 9.4-24.6 9.4-33.9 0l-22.2-22.2c-9.5-9.5-9.3-25 .4-34.3L311.4 296H24c-13.3 0-24-10.7-24-24v-32c0-13.3 10.7-24 24-24h287.4L190.9 101.2c-9.8-9.3-10-24.8-.4-34.3z\"><\/path><\/svg>\t\t\t\t\t\t<\/span>\n\t\t\t\t\t\t\t\t\t\t<span class=\"elementor-icon-list-text\">Crotone Airport (CRV)<\/span>\n\t\t\t\t\t\t\t\t\t\t\t<\/a>\n\t\t\t\t\t\t\t\t\t<\/li>\n\t\t\t\t\t\t\t\t<li class=\"elementor-icon-list-item\">\n\t\t\t\t\t\t\t\t\t\t\t<a href=\"https:\/\/sacal.it\/en\/lamezia-terme-airport\/\" target=\"_blank\" rel=\"noopener\">\n\n\t\t\t\t\t\t\t\t\t\t\t\t<span class=\"elementor-icon-list-icon\">\n\t\t\t\t\t\t\t<svg aria-hidden=\"true\" class=\"e-font-icon-svg e-fas-arrow-right\" viewBox=\"0 0 448 512\" xmlns=\"http:\/\/www.w3.org\/2000\/svg\"><path d=\"M190.5 66.9l22.2-22.2c9.4-9.4 24.6-9.4 33.9 0L441 239c9.4 9.4 9.4 24.6 0 33.9L246.6 467.3c-9.4 9.4-24.6 9.4-33.9 0l-22.2-22.2c-9.5-9.5-9.3-25 .4-34.3L311.4 296H24c-13.3 0-24-10.7-24-24v-32c0-13.3 10.7-24 24-24h287.4L190.9 101.2c-9.8-9.3-10-24.8-.4-34.3z\"><\/path><\/svg>\t\t\t\t\t\t<\/span>\n\t\t\t\t\t\t\t\t\t\t<span class=\"elementor-icon-list-text\">Lamezia Terme Airport (SUF)<\/span>\n\t\t\t\t\t\t\t\t\t\t\t<\/a>\n\t\t\t\t\t\t\t\t\t<\/li>\n\t\t\t\t\t\t<\/ul>\n\t\t\t\t\t\t<\/div>\n\t\t\t\t<\/div>\n\t\t<div class=\"elementor-element elementor-element-03510ca e-con-full e-flex e-con e-child\" data-id=\"03510ca\" data-element_type=\"container\" data-e-type=\"container\" data-settings=\"{&quot;animation&quot;:&quot;none&quot;}\">\n\t\t\t\t<div class=\"elementor-element elementor-element-8a8ae12 elementor-view-stacked elementor-shape-circle elementor-position-block-start elementor-mobile-position-block-start elementor-widget elementor-widget-icon-box\" data-id=\"8a8ae12\" data-element_type=\"widget\" data-e-type=\"widget\" data-widget_type=\"icon-box.default\">\n\t\t\t\t\t\t\t<div class=\"elementor-icon-box-wrapper\">\n\n\t\t\t\t\t\t<div class=\"elementor-icon-box-icon\">\n\t\t\t\t<span  class=\"elementor-icon\">\n\t\t\t\t<svg aria-hidden=\"true\" class=\"e-font-icon-svg e-fas-train\" viewBox=\"0 0 448 512\" xmlns=\"http:\/\/www.w3.org\/2000\/svg\"><path d=\"M448 96v256c0 51.815-61.624 96-130.022 96l62.98 49.721C386.905 502.417 383.562 512 376 512H72c-7.578 0-10.892-9.594-4.957-14.279L130.022 448C61.82 448 0 403.954 0 352V96C0 42.981 64 0 128 0h192c65 0 128 42.981 128 96zm-48 136V120c0-13.255-10.745-24-24-24H72c-13.255 0-24 10.745-24 24v112c0 13.255 10.745 24 24 24h304c13.255 0 24-10.745 24-24zm-176 64c-30.928 0-56 25.072-56 56s25.072 56 56 56 56-25.072 56-56-25.072-56-56-56z\"><\/path><\/svg>\t\t\t\t<\/span>\n\t\t\t<\/div>\n\t\t\t\n\t\t\t\t\t\t<div class=\"elementor-icon-box-content\">\n\n\t\t\t\t\t\t\t\t\t<h3 class=\"elementor-icon-box-title\">\n\t\t\t\t\t\t<span  >\n\t\t\t\t\t\t\tIn Treno\t\t\t\t\t\t<\/span>\n\t\t\t\t\t<\/h3>\n\t\t\t\t\n\t\t\t\t\t\t\t\t\t<p class=\"elementor-icon-box-description\">\n\t\t\t\t\t\tConsulta gli orari dei treni e raggiungi comodamente Cariati con i principali operatori ferroviari italiani.\t\t\t\t\t<\/p>\n\t\t\t\t\n\t\t\t<\/div>\n\t\t\t\n\t\t<\/div>\n\t\t\t\t\t\t<\/div>\n\t\t\t\t<div class=\"elementor-element elementor-element-5ca1870 elementor-icon-list--layout-traditional elementor-list-item-link-full_width elementor-widget elementor-widget-icon-list\" data-id=\"5ca1870\" data-element_type=\"widget\" data-e-type=\"widget\" data-widget_type=\"icon-list.default\">\n\t\t\t\t\t\t\t<ul class=\"elementor-icon-list-items\">\n\t\t\t\t\t\t\t<li class=\"elementor-icon-list-item\">\n\t\t\t\t\t\t\t\t\t\t\t<a href=\"https:\/\/www.trenitalia.com\" target=\"_blank\" rel=\"noopener\">\n\n\t\t\t\t\t\t\t\t\t\t\t\t<span class=\"elementor-icon-list-icon\">\n\t\t\t\t\t\t\t<svg aria-hidden=\"true\" class=\"e-font-icon-svg e-fas-arrow-right\" viewBox=\"0 0 448 512\" xmlns=\"http:\/\/www.w3.org\/2000\/svg\"><path d=\"M190.5 66.9l22.2-22.2c9.4-9.4 24.6-9.4 33.9 0L441 239c9.4 9.4 9.4 24.6 0 33.9L246.6 467.3c-9.4 9.4-24.6 9.4-33.9 0l-22.2-22.2c-9.5-9.5-9.3-25 .4-34.3L311.4 296H24c-13.3 0-24-10.7-24-24v-32c0-13.3 10.7-24 24-24h287.4L190.9 101.2c-9.8-9.3-10-24.8-.4-34.3z\"><\/path><\/svg>\t\t\t\t\t\t<\/span>\n\t\t\t\t\t\t\t\t\t\t<span class=\"elementor-icon-list-text\">Trenitalia<\/span>\n\t\t\t\t\t\t\t\t\t\t\t<\/a>\n\t\t\t\t\t\t\t\t\t<\/li>\n\t\t\t\t\t\t\t\t<li class=\"elementor-icon-list-item\">\n\t\t\t\t\t\t\t\t\t\t\t<a href=\"https:\/\/www.italotreno.com\" target=\"_blank\" rel=\"noopener\">\n\n\t\t\t\t\t\t\t\t\t\t\t\t<span class=\"elementor-icon-list-icon\">\n\t\t\t\t\t\t\t<svg aria-hidden=\"true\" class=\"e-font-icon-svg e-fas-arrow-right\" viewBox=\"0 0 448 512\" xmlns=\"http:\/\/www.w3.org\/2000\/svg\"><path d=\"M190.5 66.9l22.2-22.2c9.4-9.4 24.6-9.4 33.9 0L441 239c9.4 9.4 9.4 24.6 0 33.9L246.6 467.3c-9.4 9.4-24.6 9.4-33.9 0l-22.2-22.2c-9.5-9.5-9.3-25 .4-34.3L311.4 296H24c-13.3 0-24-10.7-24-24v-32c0-13.3 10.7-24 24-24h287.4L190.9 101.2c-9.8-9.3-10-24.8-.4-34.3z\"><\/path><\/svg>\t\t\t\t\t\t<\/span>\n\t\t\t\t\t\t\t\t\t\t<span class=\"elementor-icon-list-text\">Italo<\/span>\n\t\t\t\t\t\t\t\t\t\t\t<\/a>\n\t\t\t\t\t\t\t\t\t<\/li>\n\t\t\t\t\t\t\t\t<li class=\"elementor-icon-list-item\">\n\t\t\t\t\t\t\t\t\t\t\t<a href=\"https:\/\/www.trenitalia.com\/it\/regionale\/collegamenti-regionale\/crotone-aeroporto.html\" target=\"_blank\" rel=\"noopener\">\n\n\t\t\t\t\t\t\t\t\t\t\t\t<span class=\"elementor-icon-list-icon\">\n\t\t\t\t\t\t\t<svg aria-hidden=\"true\" class=\"e-font-icon-svg e-fas-arrow-right\" viewBox=\"0 0 448 512\" xmlns=\"http:\/\/www.w3.org\/2000\/svg\"><path d=\"M190.5 66.9l22.2-22.2c9.4-9.4 24.6-9.4 33.9 0L441 239c9.4 9.4 9.4 24.6 0 33.9L246.6 467.3c-9.4 9.4-24.6 9.4-33.9 0l-22.2-22.2c-9.5-9.5-9.3-25 .4-34.3L311.4 296H24c-13.3 0-24-10.7-24-24v-32c0-13.3 10.7-24 24-24h287.4L190.9 101.2c-9.8-9.3-10-24.8-.4-34.3z\"><\/path><\/svg>\t\t\t\t\t\t<\/span>\n\t\t\t\t\t\t\t\t\t\t<span class=\"elementor-icon-list-text\">Crotone Airlink<\/span>\n\t\t\t\t\t\t\t\t\t\t\t<\/a>\n\t\t\t\t\t\t\t\t\t<\/li>\n\t\t\t\t\t\t<\/ul>\n\t\t\t\t\t\t<\/div>\n\t\t\t\t<\/div>\n\t\t<div class=\"elementor-element elementor-element-d344408 e-con-full e-flex e-con e-child\" data-id=\"d344408\" data-element_type=\"container\" data-e-type=\"container\" data-settings=\"{&quot;animation&quot;:&quot;none&quot;}\">\n\t\t\t\t<div class=\"elementor-element elementor-element-b7fd361 elementor-view-stacked elementor-shape-circle elementor-position-block-start elementor-mobile-position-block-start elementor-widget elementor-widget-icon-box\" data-id=\"b7fd361\" data-element_type=\"widget\" data-e-type=\"widget\" data-widget_type=\"icon-box.default\">\n\t\t\t\t\t\t\t<div class=\"elementor-icon-box-wrapper\">\n\n\t\t\t\t\t\t<div class=\"elementor-icon-box-icon\">\n\t\t\t\t<span  class=\"elementor-icon\">\n\t\t\t\t<svg aria-hidden=\"true\" class=\"e-font-icon-svg e-fas-plane\" viewBox=\"0 0 576 512\" xmlns=\"http:\/\/www.w3.org\/2000\/svg\"><path d=\"M480 192H365.71L260.61 8.06A16.014 16.014 0 0 0 246.71 0h-65.5c-10.63 0-18.3 10.17-15.38 20.39L214.86 192H112l-43.2-57.6c-3.02-4.03-7.77-6.4-12.8-6.4H16.01C5.6 128-2.04 137.78.49 147.88L32 256 .49 364.12C-2.04 374.22 5.6 384 16.01 384H56c5.04 0 9.78-2.37 12.8-6.4L112 320h102.86l-49.03 171.6c-2.92 10.22 4.75 20.4 15.38 20.4h65.5c5.74 0 11.04-3.08 13.89-8.06L365.71 320H480c35.35 0 96-28.65 96-64s-60.65-64-96-64z\"><\/path><\/svg>\t\t\t\t<\/span>\n\t\t\t<\/div>\n\t\t\t\n\t\t\t\t\t\t<div class=\"elementor-icon-box-content\">\n\n\t\t\t\t\t\t\t\t\t<h3 class=\"elementor-icon-box-title\">\n\t\t\t\t\t\t<span  >\n\t\t\t\t\t\t\tIn Autobus\t\t\t\t\t\t<\/span>\n\t\t\t\t\t<\/h3>\n\t\t\t\t\n\t\t\t\t\t\t\t\t\t<p class=\"elementor-icon-box-description\">\n\t\t\t\t\t\tConsulta i principali collegamenti nazionali e regionali per raggiungere comodamente Cariati Marina.\t\t\t\t\t<\/p>\n\t\t\t\t\n\t\t\t<\/div>\n\t\t\t\n\t\t<\/div>\n\t\t\t\t\t\t<\/div>\n\t\t\t\t<div class=\"elementor-element elementor-element-edbe0be elementor-icon-list--layout-traditional elementor-list-item-link-full_width elementor-widget elementor-widget-icon-list\" data-id=\"edbe0be\" data-element_type=\"widget\" data-e-type=\"widget\" data-widget_type=\"icon-list.default\">\n\t\t\t\t\t\t\t<ul class=\"elementor-icon-list-items\">\n\t\t\t\t\t\t\t<li class=\"elementor-icon-list-item\">\n\t\t\t\t\t\t\t\t\t\t\t<a href=\"https:\/\/www.flixbus.it\" target=\"_blank\" rel=\"noopener\">\n\n\t\t\t\t\t\t\t\t\t\t\t\t<span class=\"elementor-icon-list-icon\">\n\t\t\t\t\t\t\t<svg aria-hidden=\"true\" class=\"e-font-icon-svg e-fas-arrow-right\" viewBox=\"0 0 448 512\" xmlns=\"http:\/\/www.w3.org\/2000\/svg\"><path d=\"M190.5 66.9l22.2-22.2c9.4-9.4 24.6-9.4 33.9 0L441 239c9.4 9.4 9.4 24.6 0 33.9L246.6 467.3c-9.4 9.4-24.6 9.4-33.9 0l-22.2-22.2c-9.5-9.5-9.3-25 .4-34.3L311.4 296H24c-13.3 0-24-10.7-24-24v-32c0-13.3 10.7-24 24-24h287.4L190.9 101.2c-9.8-9.3-10-24.8-.4-34.3z\"><\/path><\/svg>\t\t\t\t\t\t<\/span>\n\t\t\t\t\t\t\t\t\t\t<span class=\"elementor-icon-list-text\">FlixBus<\/span>\n\t\t\t\t\t\t\t\t\t\t\t<\/a>\n\t\t\t\t\t\t\t\t\t<\/li>\n\t\t\t\t\t\t\t\t<li class=\"elementor-icon-list-item\">\n\t\t\t\t\t\t\t\t\t\t\t<a href=\"https:\/\/www.itabus.it\" target=\"_blank\" rel=\"noopener\">\n\n\t\t\t\t\t\t\t\t\t\t\t\t<span class=\"elementor-icon-list-icon\">\n\t\t\t\t\t\t\t<svg aria-hidden=\"true\" class=\"e-font-icon-svg e-fas-arrow-right\" viewBox=\"0 0 448 512\" xmlns=\"http:\/\/www.w3.org\/2000\/svg\"><path d=\"M190.5 66.9l22.2-22.2c9.4-9.4 24.6-9.4 33.9 0L441 239c9.4 9.4 9.4 24.6 0 33.9L246.6 467.3c-9.4 9.4-24.6 9.4-33.9 0l-22.2-22.2c-9.5-9.5-9.3-25 .4-34.3L311.4 296H24c-13.3 0-24-10.7-24-24v-32c0-13.3 10.7-24 24-24h287.4L190.9 101.2c-9.8-9.3-10-24.8-.4-34.3z\"><\/path><\/svg>\t\t\t\t\t\t<\/span>\n\t\t\t\t\t\t\t\t\t\t<span class=\"elementor-icon-list-text\">Itabus<\/span>\n\t\t\t\t\t\t\t\t\t\t\t<\/a>\n\t\t\t\t\t\t\t\t\t<\/li>\n\t\t\t\t\t\t\t\t<li class=\"elementor-icon-list-item\">\n\t\t\t\t\t\t\t\t\t\t\t<a href=\"https:\/\/www.autolineeromano.net\" target=\"_blank\" rel=\"noopener\">\n\n\t\t\t\t\t\t\t\t\t\t\t\t<span class=\"elementor-icon-list-icon\">\n\t\t\t\t\t\t\t<svg aria-hidden=\"true\" class=\"e-font-icon-svg e-fas-arrow-right\" viewBox=\"0 0 448 512\" xmlns=\"http:\/\/www.w3.org\/2000\/svg\"><path d=\"M190.5 66.9l22.2-22.2c9.4-9.4 24.6-9.4 33.9 0L441 239c9.4 9.4 9.4 24.6 0 33.9L246.6 467.3c-9.4 9.4-24.6 9.4-33.9 0l-22.2-22.2c-9.5-9.5-9.3-25 .4-34.3L311.4 296H24c-13.3 0-24-10.7-24-24v-32c0-13.3 10.7-24 24-24h287.4L190.9 101.2c-9.8-9.3-10-24.8-.4-34.3z\"><\/path><\/svg>\t\t\t\t\t\t<\/span>\n\t\t\t\t\t\t\t\t\t\t<span class=\"elementor-icon-list-text\">Autolinee Romano<\/span>\n\t\t\t\t\t\t\t\t\t\t\t<\/a>\n\t\t\t\t\t\t\t\t\t<\/li>\n\t\t\t\t\t\t<\/ul>\n\t\t\t\t\t\t<\/div>\n\t\t\t\t<\/div>\n\t\t<div class=\"elementor-element elementor-element-5719c7a e-con-full e-flex e-con e-child\" data-id=\"5719c7a\" data-element_type=\"container\" data-e-type=\"container\" data-settings=\"{&quot;animation&quot;:&quot;none&quot;}\">\n\t\t\t\t<div class=\"elementor-element elementor-element-b1ea3da elementor-view-stacked elementor-shape-circle elementor-position-block-start elementor-mobile-position-block-start elementor-widget elementor-widget-icon-box\" data-id=\"b1ea3da\" data-element_type=\"widget\" data-e-type=\"widget\" data-widget_type=\"icon-box.default\">\n\t\t\t\t\t\t\t<div class=\"elementor-icon-box-wrapper\">\n\n\t\t\t\t\t\t<div class=\"elementor-icon-box-icon\">\n\t\t\t\t<span  class=\"elementor-icon\">\n\t\t\t\t<svg aria-hidden=\"true\" class=\"e-font-icon-svg e-fas-car\" viewBox=\"0 0 512 512\" xmlns=\"http:\/\/www.w3.org\/2000\/svg\"><path d=\"M499.99 176h-59.87l-16.64-41.6C406.38 91.63 365.57 64 319.5 64h-127c-46.06 0-86.88 27.63-103.99 70.4L71.87 176H12.01C4.2 176-1.53 183.34.37 190.91l6 24C7.7 220.25 12.5 224 18.01 224h20.07C24.65 235.73 16 252.78 16 272v48c0 16.12 6.16 30.67 16 41.93V416c0 17.67 14.33 32 32 32h32c17.67 0 32-14.33 32-32v-32h256v32c0 17.67 14.33 32 32 32h32c17.67 0 32-14.33 32-32v-54.07c9.84-11.25 16-25.8 16-41.93v-48c0-19.22-8.65-36.27-22.07-48H494c5.51 0 10.31-3.75 11.64-9.09l6-24c1.89-7.57-3.84-14.91-11.65-14.91zm-352.06-17.83c7.29-18.22 24.94-30.17 44.57-30.17h127c19.63 0 37.28 11.95 44.57 30.17L384 208H128l19.93-49.83zM96 319.8c-19.2 0-32-12.76-32-31.9S76.8 256 96 256s48 28.71 48 47.85-28.8 15.95-48 15.95zm320 0c-19.2 0-48 3.19-48-15.95S396.8 256 416 256s32 12.76 32 31.9-12.8 31.9-32 31.9z\"><\/path><\/svg>\t\t\t\t<\/span>\n\t\t\t<\/div>\n\t\t\t\n\t\t\t\t\t\t<div class=\"elementor-icon-box-content\">\n\n\t\t\t\t\t\t\t\t\t<h3 class=\"elementor-icon-box-title\">\n\t\t\t\t\t\t<span  >\n\t\t\t\t\t\t\tAutonoleggio\t\t\t\t\t\t<\/span>\n\t\t\t\t\t<\/h3>\n\t\t\t\t\n\t\t\t\t\t\t\t\t\t<p class=\"elementor-icon-box-description\">\n\t\t\t\t\t\tNoleggia un'auto direttamente in aeroporto e raggiungi comodamente Cariati Marina in totale libert\u00e0.\t\t\t\t\t<\/p>\n\t\t\t\t\n\t\t\t<\/div>\n\t\t\t\n\t\t<\/div>\n\t\t\t\t\t\t<\/div>\n\t\t\t\t<div class=\"elementor-element elementor-element-2e500a4 elementor-icon-list--layout-traditional elementor-list-item-link-full_width elementor-widget elementor-widget-icon-list\" data-id=\"2e500a4\" data-element_type=\"widget\" data-e-type=\"widget\" data-widget_type=\"icon-list.default\">\n\t\t\t\t\t\t\t<ul class=\"elementor-icon-list-items\">\n\t\t\t\t\t\t\t<li class=\"elementor-icon-list-item\">\n\t\t\t\t\t\t\t\t\t\t\t<a href=\"https:\/\/sacal.it\/it\/services\/autonoleggi-crotone\/\" target=\"_blank\" rel=\"noopener\">\n\n\t\t\t\t\t\t\t\t\t\t\t\t<span class=\"elementor-icon-list-icon\">\n\t\t\t\t\t\t\t<svg aria-hidden=\"true\" class=\"e-font-icon-svg e-fas-arrow-right\" viewBox=\"0 0 448 512\" xmlns=\"http:\/\/www.w3.org\/2000\/svg\"><path d=\"M190.5 66.9l22.2-22.2c9.4-9.4 24.6-9.4 33.9 0L441 239c9.4 9.4 9.4 24.6 0 33.9L246.6 467.3c-9.4 9.4-24.6 9.4-33.9 0l-22.2-22.2c-9.5-9.5-9.3-25 .4-34.3L311.4 296H24c-13.3 0-24-10.7-24-24v-32c0-13.3 10.7-24 24-24h287.4L190.9 101.2c-9.8-9.3-10-24.8-.4-34.3z\"><\/path><\/svg>\t\t\t\t\t\t<\/span>\n\t\t\t\t\t\t\t\t\t\t<span class=\"elementor-icon-list-text\">Crotone Airport Car Rental<\/span>\n\t\t\t\t\t\t\t\t\t\t\t<\/a>\n\t\t\t\t\t\t\t\t\t<\/li>\n\t\t\t\t\t\t\t\t<li class=\"elementor-icon-list-item\">\n\t\t\t\t\t\t\t\t\t\t\t<a href=\"https:\/\/sacal.it\/en\/services\/car-rental\/\" target=\"_blank\" rel=\"noopener\">\n\n\t\t\t\t\t\t\t\t\t\t\t\t<span class=\"elementor-icon-list-icon\">\n\t\t\t\t\t\t\t<svg aria-hidden=\"true\" class=\"e-font-icon-svg e-fas-arrow-right\" viewBox=\"0 0 448 512\" xmlns=\"http:\/\/www.w3.org\/2000\/svg\"><path d=\"M190.5 66.9l22.2-22.2c9.4-9.4 24.6-9.4 33.9 0L441 239c9.4 9.4 9.4 24.6 0 33.9L246.6 467.3c-9.4 9.4-24.6 9.4-33.9 0l-22.2-22.2c-9.5-9.5-9.3-25 .4-34.3L311.4 296H24c-13.3 0-24-10.7-24-24v-32c0-13.3 10.7-24 24-24h287.4L190.9 101.2c-9.8-9.3-10-24.8-.4-34.3z\"><\/path><\/svg>\t\t\t\t\t\t<\/span>\n\t\t\t\t\t\t\t\t\t\t<span class=\"elementor-icon-list-text\">Lamezia Terme Airport Car Rental<\/span>\n\t\t\t\t\t\t\t\t\t\t\t<\/a>\n\t\t\t\t\t\t\t\t\t<\/li>\n\t\t\t\t\t\t<\/ul>\n\t\t\t\t\t\t<\/div>\n\t\t\t\t<\/div>\n\t\t\t\t\t<\/div>\n\t\t\t\t<\/div>\n\t\t\t\t<\/div>\n\t\t\t\t<\/div>\n\t\t\t\t\t<\/div>\n\t\t\t\t<\/div>\n\t\t<div class=\"elementor-element elementor-element-2d9f792 e-flex e-con-boxed e-con e-parent\" data-id=\"2d9f792\" data-element_type=\"container\" data-e-type=\"container\">\n\t\t\t\t\t<div class=\"e-con-inner\">\n\t\t\t\t<div class=\"elementor-element elementor-element-61bb7db elementor-widget elementor-widget-shortcode\" data-id=\"61bb7db\" data-element_type=\"widget\" data-e-type=\"widget\" data-widget_type=\"shortcode.default\">\n\t\t\t\t\t\t\t<div class=\"elementor-shortcode\"><div class=\"ccv-article-sections\"><section class=\"ccv-map\"><h2 class=\"ccv-map-title\">Mappa<\/h2><div class=\"ccv-map-embed\"><iframe src=\"https:\/\/www.google.com\/maps\/embed?pb=!1m16!1m12!1m3!1d15234.7756796841!2d16.961480874125776!3d39.49127244565102!2m3!1f0!2f0!3f0!3m2!1i1024!2i768!4f13.1!2m1!1svia%20santa%20maria%2010%20cariati%20marina%2000041%20cs!5e1!3m2!1sit!2sit!4v1785865342357!5m2!1sit!2sit\" width=\"600\" height=\"450\" style=\"border:0\" allowfullscreen=\"\" loading=\"lazy\" referrerpolicy=\"strict-origin-when-cross-origin\"><\/iframe><\/div><p class=\"ccv-map-address\">Via Santa Maria 10, Cariati Marina (CS)<\/p><a class=\"ccv-map-button\" href=\"https:\/\/maps.app.goo.gl\/YqogmT4cSXZkQ4B48\" target=\"_blank\" rel=\"noopener noreferrer\">Apri su Google Maps<\/a><\/section><section class=\"ccv-article-section ccv-faq-section\"><header class=\"ccv-faq-general-header\"><h2 class=\"ccv-faq-general-title\">FAQ \u2013 Domande frequenti<\/h2><div class=\"ccv-faq-general-intro\"><p>Trova le risposte alle domande pi\u00f9 comuni sulla Dimora di Arianna, i servizi, la prenotazione, il soggiorno e tutte le informazioni utili per organizzare la tua vacanza a Cariati Marina.<\/p>\n<\/div><\/header><details id=\"ccv-faq-group-738-1\" class=\"ccv-faq-group\"><summary class=\"ccv-faq-group-summary\"><span class=\"ccv-faq-group-summary-text\">La casa<\/span><span class=\"ccv-faq-group-icon\" aria-hidden=\"true\"><\/span><\/summary><div class=\"ccv-faq-group-content\"><div class=\"ccv-faq-group-intro\"><p>Scopri le caratteristiche, i servizi e i comfort della Dimora di Arianna per conoscere tutto ci\u00f2 che la struttura offre durante il soggiorno.<\/p>\n<\/div><div class=\"ccv-faq\"><details class=\"ccv-faq-item\" name=\"ccv-faq-738-1\" open><summary class=\"ccv-faq-question\" aria-controls=\"ccv-faq-answer-738-1-0\"><span class=\"ccv-faq-question-text\">Quante persone pu\u00f2 ospitare La Dimora di Arianna?<\/span><span class=\"ccv-faq-icon\" aria-hidden=\"true\"><\/span><\/summary><div class=\"ccv-faq-answer\" id=\"ccv-faq-answer-738-1-0\"><p>La Dimora di Arianna \u00e8 ideale per ospitare comodamente fino a 6 persone e pu\u00f2 accogliere un massimo di 8 ospiti grazie al divano letto matrimoniale presente nel soggiorno. \u00c8 la soluzione perfetta per famiglie e piccoli gruppi che desiderano trascorrere una vacanza insieme a Cariati Marina.<\/p>\n<\/div><\/details><details class=\"ccv-faq-item\" name=\"ccv-faq-738-1\"><summary class=\"ccv-faq-question\" aria-controls=\"ccv-faq-answer-738-1-1\"><span class=\"ccv-faq-question-text\">La casa viene affittata in esclusiva?<\/span><span class=\"ccv-faq-icon\" aria-hidden=\"true\"><\/span><\/summary><div class=\"ccv-faq-answer\" id=\"ccv-faq-answer-738-1-1\"><p>S\u00ec. L&#8217;intera abitazione viene riservata esclusivamente agli ospiti della prenotazione, garantendo privacy, tranquillit\u00e0 e la possibilit\u00e0 di utilizzare liberamente tutti gli ambienti interni ed esterni durante il soggiorno.<\/p>\n<\/div><\/details><details class=\"ccv-faq-item\" name=\"ccv-faq-738-1\"><summary class=\"ccv-faq-question\" aria-controls=\"ccv-faq-answer-738-1-2\"><span class=\"ccv-faq-question-text\">Quante camere e bagni sono disponibili?<\/span><span class=\"ccv-faq-icon\" aria-hidden=\"true\"><\/span><\/summary><div class=\"ccv-faq-answer\" id=\"ccv-faq-answer-738-1-2\"><p>La casa dispone di tre camere da letto, due bagni, un ampio soggiorno con cucina open space e un giardino privato. Gli ambienti sono organizzati per offrire comfort e funzionalit\u00e0 durante tutta la vacanza.<\/p>\n<\/div><\/details><details class=\"ccv-faq-item\" name=\"ccv-faq-738-1\"><summary class=\"ccv-faq-question\" aria-controls=\"ccv-faq-answer-738-1-3\"><span class=\"ccv-faq-question-text\">La casa \u00e8 climatizzata?<\/span><span class=\"ccv-faq-icon\" aria-hidden=\"true\"><\/span><\/summary><div class=\"ccv-faq-answer\" id=\"ccv-faq-answer-738-1-3\"><p>S\u00ec. Le due camere matrimoniali sono dotate di aria condizionata, mentre il soggiorno e la cameretta dispongono di ventilatori da soffitto per garantire un ambiente piacevole anche nelle giornate pi\u00f9 calde.<\/p>\n<\/div><\/details><details class=\"ccv-faq-item\" name=\"ccv-faq-738-1\"><summary class=\"ccv-faq-question\" aria-controls=\"ccv-faq-answer-738-1-4\"><span class=\"ccv-faq-question-text\">\u00c8 disponibile il Wi-Fi?<\/span><span class=\"ccv-faq-icon\" aria-hidden=\"true\"><\/span><\/summary><div class=\"ccv-faq-answer\" id=\"ccv-faq-answer-738-1-4\"><p class=\"PDq2pG_selectionAnchorContainer\" data-start=\"1561\" data-end=\"1745\">S\u00ec. La Dimora di Arianna mette gratuitamente a disposizione degli ospiti una connessione Wi-Fi, ideale per navigare, lavorare da remoto o rimanere sempre connessi durante il soggiorno.<\/p>\n<\/div><\/details><details class=\"ccv-faq-item\" name=\"ccv-faq-738-1\"><summary class=\"ccv-faq-question\" aria-controls=\"ccv-faq-answer-738-1-5\"><span class=\"ccv-faq-question-text\">\u00c8 presente una Smart TV?<\/span><span class=\"ccv-faq-icon\" aria-hidden=\"true\"><\/span><\/summary><div class=\"ccv-faq-answer\" id=\"ccv-faq-answer-738-1-5\"><p class=\"PDq2pG_selectionAnchorContainer\" data-start=\"1785\" data-end=\"1963\">S\u00ec. Nel soggiorno \u00e8 disponibile una Smart TV, perfetta per rilassarsi con film, serie TV o programmi preferiti dopo una giornata trascorsa al mare o alla scoperta del territorio.<\/p>\n<\/div><\/details><details class=\"ccv-faq-item\" name=\"ccv-faq-738-1\"><summary class=\"ccv-faq-question\" aria-controls=\"ccv-faq-answer-738-1-6\"><span class=\"ccv-faq-question-text\">La cucina \u00e8 completamente attrezzata?<\/span><span class=\"ccv-faq-icon\" aria-hidden=\"true\"><\/span><\/summary><div class=\"ccv-faq-answer\" id=\"ccv-faq-answer-738-1-6\"><p class=\"PDq2pG_selectionAnchorContainer\" data-start=\"2016\" data-end=\"2231\">S\u00ec. La cucina dispone di piano cottura a induzione, frigorifero, lavastoviglie, forno a microonde, macchina del caff\u00e8, stoviglie, pentole e tutto il necessario per preparare i pasti in completa autonomia.<\/p>\n<\/div><\/details><details class=\"ccv-faq-item\" name=\"ccv-faq-738-1\"><summary class=\"ccv-faq-question\" aria-controls=\"ccv-faq-answer-738-1-7\"><span class=\"ccv-faq-question-text\">\u00c8 disponibile la lavatrice?<\/span><span class=\"ccv-faq-icon\" aria-hidden=\"true\"><\/span><\/summary><div class=\"ccv-faq-answer\" id=\"ccv-faq-answer-738-1-7\"><p>S\u00ec. Nel bagno principale \u00e8 presente una lavatrice, particolarmente utile durante soggiorni di pi\u00f9 giorni o per le famiglie con bambini.<\/p>\n<\/div><\/details><details class=\"ccv-faq-item\" name=\"ccv-faq-738-1\"><summary class=\"ccv-faq-question\" aria-controls=\"ccv-faq-answer-738-1-8\"><span class=\"ccv-faq-question-text\">Il giardino \u00e8 privato e recintato?<\/span><span class=\"ccv-faq-icon\" aria-hidden=\"true\"><\/span><\/summary><div class=\"ccv-faq-answer\" id=\"ccv-faq-answer-738-1-8\"><p>S\u00ec. La casa dispone di un giardino privato di circa 300 mq completamente recintato, uno spazio ideale per rilassarsi all&#8217;aperto, pranzare in compagnia o lasciare giocare i bambini in tranquillit\u00e0.<\/p>\n<\/div><\/details><details class=\"ccv-faq-item\" name=\"ccv-faq-738-1\"><summary class=\"ccv-faq-question\" aria-controls=\"ccv-faq-answer-738-1-9\"><span class=\"ccv-faq-question-text\">\u00c8 presente un barbecue?<\/span><span class=\"ccv-faq-icon\" aria-hidden=\"true\"><\/span><\/summary><div class=\"ccv-faq-answer\" id=\"ccv-faq-answer-738-1-9\"><p class=\"PDq2pG_selectionAnchorContainer\" data-start=\"2694\" data-end=\"2821\">S\u00ec. Nel giardino \u00e8 disponibile un barbecue in muratura, perfetto per organizzare pranzi e cene all&#8217;aperto durante il soggiorno.<\/p>\n<\/div><\/details><details class=\"ccv-faq-item\" name=\"ccv-faq-738-1\"><summary class=\"ccv-faq-question\" aria-controls=\"ccv-faq-answer-738-1-10\"><span class=\"ccv-faq-question-text\">\u00c8 disponibile un parcheggio privato?<\/span><span class=\"ccv-faq-icon\" aria-hidden=\"true\"><\/span><\/summary><div class=\"ccv-faq-answer\" id=\"ccv-faq-answer-738-1-10\"><p>S\u00ec. Gli ospiti hanno a disposizione un posto auto all&#8217;interno della propriet\u00e0, cos\u00ec da parcheggiare comodamente e avere sempre l&#8217;auto a pochi passi dall&#8217;abitazione.<\/p>\n<\/div><\/details><\/div><\/div><\/details><\/section><section class=\"ccv-article-section ccv-faq-section\"><details id=\"ccv-faq-group-738-2\" class=\"ccv-faq-group\"><summary class=\"ccv-faq-group-summary\"><span class=\"ccv-faq-group-summary-text\">Posizione e dintorni<\/span><span class=\"ccv-faq-group-icon\" aria-hidden=\"true\"><\/span><\/summary><div class=\"ccv-faq-group-content\"><div class=\"ccv-faq-group-intro\"><p>Scopri dove si trova la Dimora di Arianna, le principali distanze e tutto ci\u00f2 che puoi raggiungere facilmente durante la tua vacanza a Cariati Marina.<\/p>\n<\/div><div class=\"ccv-faq\"><details class=\"ccv-faq-item\" name=\"ccv-faq-738-2\" open><summary class=\"ccv-faq-question\" aria-controls=\"ccv-faq-answer-738-2-0\"><span class=\"ccv-faq-question-text\">Quanto dista il mare dalla casa?<\/span><span class=\"ccv-faq-icon\" aria-hidden=\"true\"><\/span><\/summary><div class=\"ccv-faq-answer\" id=\"ccv-faq-answer-738-2-0\"><p>La Dimora di Arianna si trova a circa 5 minuti a piedi dalla spiaggia di Cariati Marina. La posizione permette di raggiungere il mare comodamente senza utilizzare l&#8217;auto.<\/p>\n<\/div><\/details><details class=\"ccv-faq-item\" name=\"ccv-faq-738-2\"><summary class=\"ccv-faq-question\" aria-controls=\"ccv-faq-answer-738-2-1\"><span class=\"ccv-faq-question-text\">\u00c8 necessario utilizzare l&#039;auto durante il soggiorno?<\/span><span class=\"ccv-faq-icon\" aria-hidden=\"true\"><\/span><\/summary><div class=\"ccv-faq-answer\" id=\"ccv-faq-answer-738-2-1\"><p>Non necessariamente. La spiaggia \u00e8 raggiungibile a piedi e, durante il soggiorno, \u00e8 possibile spostarsi comodamente anche senza auto per raggiungere il mare e alcuni servizi della zona.<\/p>\n<\/div><\/details><details class=\"ccv-faq-item\" name=\"ccv-faq-738-2\"><summary class=\"ccv-faq-question\" aria-controls=\"ccv-faq-answer-738-2-2\"><span class=\"ccv-faq-question-text\">La casa si trova in una zona tranquilla?<\/span><span class=\"ccv-faq-icon\" aria-hidden=\"true\"><\/span><\/summary><div class=\"ccv-faq-answer\" id=\"ccv-faq-answer-738-2-2\"><p>S\u00ec. La Dimora di Arianna si trova all&#8217;interno del Villaggio Santa Maria, una zona residenziale apprezzata per la tranquillit\u00e0 e particolarmente adatta a famiglie, coppie e gruppi che desiderano trascorrere una vacanza all&#8217;insegna del relax.<\/p>\n<\/div><\/details><details class=\"ccv-faq-item\" name=\"ccv-faq-738-2\"><summary class=\"ccv-faq-question\" aria-controls=\"ccv-faq-answer-738-2-3\"><span class=\"ccv-faq-question-text\">Sono presenti servizi nelle vicinanze?<\/span><span class=\"ccv-faq-icon\" aria-hidden=\"true\"><\/span><\/summary><div class=\"ccv-faq-answer\" id=\"ccv-faq-answer-738-2-3\"><p>S\u00ec. Nei dintorni della struttura sono presenti supermercati, ristoranti, bar, stabilimenti balneari e altri servizi utili per vivere il soggiorno in totale comodit\u00e0.<\/p>\n<\/div><\/details><details class=\"ccv-faq-item\" name=\"ccv-faq-738-2\"><summary class=\"ccv-faq-question\" aria-controls=\"ccv-faq-answer-738-2-4\"><span class=\"ccv-faq-question-text\">Il villaggio \u00e8 adatto alle famiglie con bambini?<\/span><span class=\"ccv-faq-icon\" aria-hidden=\"true\"><\/span><\/summary><div class=\"ccv-faq-answer\" id=\"ccv-faq-answer-738-2-4\"><p>S\u00ec. Il Villaggio Santa Maria offre un ambiente tranquillo e adatto alle famiglie, con aree comuni dove trascorrere piacevoli momenti durante la vacanza.<\/p>\n<\/div><\/details><details class=\"ccv-faq-item\" name=\"ccv-faq-738-2\"><summary class=\"ccv-faq-question\" aria-controls=\"ccv-faq-answer-738-2-5\"><span class=\"ccv-faq-question-text\">Quanto dista il centro storico di Cariati?<\/span><span class=\"ccv-faq-icon\" aria-hidden=\"true\"><\/span><\/summary><div class=\"ccv-faq-answer\" id=\"ccv-faq-answer-738-2-5\"><p class=\"PDq2pG_selectionAnchorContainer\" data-start=\"1643\" data-end=\"1891\">Il centro storico di Cariati \u00e8 facilmente raggiungibile in pochi minuti di auto. Qui potrai passeggiare tra vicoli caratteristici, mura medievali, piazze e monumenti che raccontano la storia di uno dei borghi pi\u00f9 affascinanti della Calabria ionica.<\/p>\n<\/div><\/details><details class=\"ccv-faq-item\" name=\"ccv-faq-738-2\"><summary class=\"ccv-faq-question\" aria-controls=\"ccv-faq-answer-738-2-6\"><span class=\"ccv-faq-question-text\">Quali spiagge si trovano nelle vicinanze?<\/span><span class=\"ccv-faq-icon\" aria-hidden=\"true\"><\/span><\/summary><div class=\"ccv-faq-answer\" id=\"ccv-faq-answer-738-2-6\"><p>Oltre alla spiaggia raggiungibile a piedi dalla casa, Cariati Marina offre un lungo litorale di sabbia e mare cristallino. Durante il soggiorno potrai scegliere tra spiagge libere e stabilimenti balneari distribuiti lungo la costa.<\/p>\n<\/div><\/details><\/div><\/div><\/details><\/section><section class=\"ccv-article-section ccv-faq-section\"><details id=\"ccv-faq-group-738-3\" class=\"ccv-faq-group\"><summary class=\"ccv-faq-group-summary\"><span class=\"ccv-faq-group-summary-text\">Animali domestici<\/span><span class=\"ccv-faq-group-icon\" aria-hidden=\"true\"><\/span><\/summary><div class=\"ccv-faq-group-content\"><div class=\"ccv-faq-group-intro\"><p>Scopri tutto quello che c'\u00e8 da sapere per soggiornare con il tuo animale domestico alla Dimora di Arianna e organizzare la vacanza in tutta tranquillit\u00e0.<\/p>\n<\/div><div class=\"ccv-faq\"><details class=\"ccv-faq-item\" name=\"ccv-faq-738-3\" open><summary class=\"ccv-faq-question\" aria-controls=\"ccv-faq-answer-738-3-0\"><span class=\"ccv-faq-question-text\">Gli animali domestici sono ammessi?<\/span><span class=\"ccv-faq-icon\" aria-hidden=\"true\"><\/span><\/summary><div class=\"ccv-faq-answer\" id=\"ccv-faq-answer-738-3-0\"><p>S\u00ec. Alla Dimora di Arianna gli animali domestici sono i benvenuti, cos\u00ec potrai trascorrere la vacanza insieme al tuo fedele compagno.<\/p>\n<\/div><\/details><details class=\"ccv-faq-item\" name=\"ccv-faq-738-3\"><summary class=\"ccv-faq-question\" aria-controls=\"ccv-faq-answer-738-3-1\"><span class=\"ccv-faq-question-text\">Sono previsti costi aggiuntivi per gli animali?<\/span><span class=\"ccv-faq-icon\" aria-hidden=\"true\"><\/span><\/summary><div class=\"ccv-faq-answer\" id=\"ccv-faq-answer-738-3-1\"><p>Eventuali costi aggiuntivi, se previsti, vengono sempre indicati chiaramente prima della conferma della prenotazione.<\/p>\n<\/div><\/details><details class=\"ccv-faq-item\" name=\"ccv-faq-738-3\"><summary class=\"ccv-faq-question\" aria-controls=\"ccv-faq-answer-738-3-2\"><span class=\"ccv-faq-question-text\">Ci sono limiti di taglia o di razza?<\/span><span class=\"ccv-faq-icon\" aria-hidden=\"true\"><\/span><\/summary><div class=\"ccv-faq-answer\" id=\"ccv-faq-answer-738-3-2\"><p>Se hai dubbi sulla taglia del tuo animale o su esigenze particolari, ti consigliamo di contattarci prima della prenotazione. Saremo lieti di fornirti tutte le informazioni necessarie.<\/p>\n<\/div><\/details><details class=\"ccv-faq-item\" name=\"ccv-faq-738-3\"><summary class=\"ccv-faq-question\" aria-controls=\"ccv-faq-answer-738-3-3\"><span class=\"ccv-faq-question-text\">Il giardino \u00e8 completamente recintato?<\/span><span class=\"ccv-faq-icon\" aria-hidden=\"true\"><\/span><\/summary><div class=\"ccv-faq-answer\" id=\"ccv-faq-answer-738-3-3\"><p>S\u00ec. La Dimora di Arianna dispone di un giardino privato di circa 300 mq completamente recintato, ideale anche per chi viaggia con un animale domestico.<\/p>\n<\/div><\/details><details class=\"ccv-faq-item\" name=\"ccv-faq-738-3\"><summary class=\"ccv-faq-question\" aria-controls=\"ccv-faq-answer-738-3-4\"><span class=\"ccv-faq-question-text\">Quali regole devono essere rispettate durante il soggiorno con un animale?<\/span><span class=\"ccv-faq-icon\" aria-hidden=\"true\"><\/span><\/summary><div class=\"ccv-faq-answer\" id=\"ccv-faq-answer-738-3-4\"><p>Chiediamo semplicemente di rispettare la casa, gli spazi esterni e il vicinato, mantenendo sempre il proprio animale sotto controllo e provvedendo alla pulizia degli eventuali bisogni.<\/p>\n<\/div><\/details><\/div><\/div><\/details><\/section><section class=\"ccv-article-section ccv-faq-section\"><details id=\"ccv-faq-group-738-4\" class=\"ccv-faq-group\"><summary class=\"ccv-faq-group-summary\"><span class=\"ccv-faq-group-summary-text\">Prenotazioni e disponibilit\u00e0<\/span><span class=\"ccv-faq-group-icon\" aria-hidden=\"true\"><\/span><\/summary><div class=\"ccv-faq-group-content\"><div class=\"ccv-faq-group-intro\"><p>Scopri come verificare la disponibilit\u00e0 della Dimora di Arianna, inviare una richiesta di prenotazione e conoscere le modalit\u00e0 di soggiorno previste durante la stagione estiva.<\/p>\n<\/div><div class=\"ccv-faq\"><details class=\"ccv-faq-item\" name=\"ccv-faq-738-4\" open><summary class=\"ccv-faq-question\" aria-controls=\"ccv-faq-answer-738-4-0\"><span class=\"ccv-faq-question-text\">Come posso verificare la disponibilit\u00e0?<\/span><span class=\"ccv-faq-icon\" aria-hidden=\"true\"><\/span><\/summary><div class=\"ccv-faq-answer\" id=\"ccv-faq-answer-738-4-0\"><p>Puoi compilare il modulo presente in questa pagina\u00a0oppure contattarci direttamente tramite WhatsApp o e-mail. Generalmente rispondiamo entro poche ore.<\/p>\n<\/div><\/details><details class=\"ccv-faq-item\" name=\"ccv-faq-738-4\"><summary class=\"ccv-faq-question\" aria-controls=\"ccv-faq-answer-738-4-1\"><span class=\"ccv-faq-question-text\">Come posso prenotare la casa?<\/span><span class=\"ccv-faq-icon\" aria-hidden=\"true\"><\/span><\/summary><div class=\"ccv-faq-answer\" id=\"ccv-faq-answer-738-4-1\"><p>Puoi inviare una richiesta tramite il sito oppure contattarci direttamente via WhatsApp o e-mail. Dopo aver verificato la disponibilit\u00e0, ti forniremo tutte le informazioni necessarie per completare la prenotazione.<\/p>\n<\/div><\/details><details class=\"ccv-faq-item\" name=\"ccv-faq-738-4\"><summary class=\"ccv-faq-question\" aria-controls=\"ccv-faq-answer-738-4-2\"><span class=\"ccv-faq-question-text\">Una richiesta inviata dal sito conferma la prenotazione?<\/span><span class=\"ccv-faq-icon\" aria-hidden=\"true\"><\/span><\/summary><div class=\"ccv-faq-answer\" id=\"ccv-faq-answer-738-4-2\"><p>No. Le richieste inviate tramite il sito servono esclusivamente per verificare la disponibilit\u00e0 e i dettagli del soggiorno. La prenotazione \u00e8 confermata solo dopo la nostra conferma diretta.<\/p>\n<\/div><\/details><details class=\"ccv-faq-item\" name=\"ccv-faq-738-4\"><summary class=\"ccv-faq-question\" aria-controls=\"ccv-faq-answer-738-4-3\"><span class=\"ccv-faq-question-text\">I soggiorni sono settimanali?<\/span><span class=\"ccv-faq-icon\" aria-hidden=\"true\"><\/span><\/summary><div class=\"ccv-faq-answer\" id=\"ccv-faq-answer-738-4-3\"><p class=\"PDq2pG_selectionAnchorContainer\" data-start=\"1265\" data-end=\"1357\">S\u00ec. Durante la stagione estiva i soggiorni sono generalmente organizzati minimo da sabato a sabato.<\/p>\n<\/div><\/details><details class=\"ccv-faq-item\" name=\"ccv-faq-738-4\"><summary class=\"ccv-faq-question\" aria-controls=\"ccv-faq-answer-738-4-4\"><span class=\"ccv-faq-question-text\">Sono disponibili soggiorni pi\u00f9 brevi?<\/span><span class=\"ccv-faq-icon\" aria-hidden=\"true\"><\/span><\/summary><div class=\"ccv-faq-answer\" id=\"ccv-faq-answer-738-4-4\"><p class=\"PDq2pG_selectionAnchorContainer\" data-start=\"1410\" data-end=\"1506\">Durante l&#8217;alta stagione sono generalmente privilegiati soggiorni settimanali da sabato a sabato.<\/p>\n<\/div><\/details><\/div><\/div><\/details><\/section><section class=\"ccv-article-section ccv-faq-section\"><details id=\"ccv-faq-group-738-5\" class=\"ccv-faq-group\"><summary class=\"ccv-faq-group-summary\"><span class=\"ccv-faq-group-summary-text\">Pagamenti<\/span><span class=\"ccv-faq-group-icon\" aria-hidden=\"true\"><\/span><\/summary><div class=\"ccv-faq-group-content\"><div class=\"ccv-faq-group-intro\"><p>Scopri le modalit\u00e0 di pagamento, gli importi richiesti per la conferma della prenotazione e tutte le informazioni relative a deposito, saldo ed eventuali costi aggiuntivi.<\/p>\n<\/div><div class=\"ccv-faq\"><details class=\"ccv-faq-item\" name=\"ccv-faq-738-5\" open><summary class=\"ccv-faq-question\" aria-controls=\"ccv-faq-answer-738-5-0\"><span class=\"ccv-faq-question-text\">\u00c8 richiesto un acconto?<\/span><span class=\"ccv-faq-icon\" aria-hidden=\"true\"><\/span><\/summary><div class=\"ccv-faq-answer\" id=\"ccv-faq-answer-738-5-0\"><p>S\u00ec. Per confermare la prenotazione \u00e8 richiesto un acconto pari al 30% dell&#8217;importo totale del soggiorno.<\/p>\n<\/div><\/details><details class=\"ccv-faq-item\" name=\"ccv-faq-738-5\"><summary class=\"ccv-faq-question\" aria-controls=\"ccv-faq-answer-738-5-1\"><span class=\"ccv-faq-question-text\">Quando deve essere pagato il saldo?<\/span><span class=\"ccv-faq-icon\" aria-hidden=\"true\"><\/span><\/summary><div class=\"ccv-faq-answer\" id=\"ccv-faq-answer-738-5-1\"><p>Il saldo dovr\u00e0 essere versato prima dell&#8217;arrivo, secondo le indicazioni fornite al momento della conferma della prenotazione.<\/p>\n<\/div><\/details><details class=\"ccv-faq-item\" name=\"ccv-faq-738-5\"><summary class=\"ccv-faq-question\" aria-controls=\"ccv-faq-answer-738-5-2\"><span class=\"ccv-faq-question-text\">Quali metodi di pagamento accettate?<\/span><span class=\"ccv-faq-icon\" aria-hidden=\"true\"><\/span><\/summary><div class=\"ccv-faq-answer\" id=\"ccv-faq-answer-738-5-2\"><p class=\"PDq2pG_selectionAnchorContainer\" data-start=\"598\" data-end=\"609\">Accettiamo:<\/p>\n<ul data-start=\"610\" data-end=\"710\">\n<li data-section-id=\"mzvl0h\" data-start=\"610\" data-end=\"630\">bonifico bancario;<\/li>\n<li data-section-id=\"r9k02r\" data-start=\"631\" data-end=\"655\">pagamento elettronico;<\/li>\n<li data-section-id=\"1vmjutm\" data-start=\"656\" data-end=\"710\">altri metodi concordati direttamente con gli ospiti.<\/li>\n<\/ul>\n<\/div><\/details><details class=\"ccv-faq-item\" name=\"ccv-faq-738-5\"><summary class=\"ccv-faq-question\" aria-controls=\"ccv-faq-answer-738-5-3\"><span class=\"ccv-faq-question-text\">\u00c8 possibile pagare direttamente in struttura?<\/span><span class=\"ccv-faq-icon\" aria-hidden=\"true\"><\/span><\/summary><div class=\"ccv-faq-answer\" id=\"ccv-faq-answer-738-5-3\"><p>No. Per motivi organizzativi, il saldo dell&#8217;intero soggiorno deve essere completato prima dell&#8217;arrivo.<\/p>\n<\/div><\/details><details class=\"ccv-faq-item\" name=\"ccv-faq-738-5\"><summary class=\"ccv-faq-question\" aria-controls=\"ccv-faq-answer-738-5-4\"><span class=\"ccv-faq-question-text\">\u00c8 prevista la tassa di soggiorno?<\/span><span class=\"ccv-faq-icon\" aria-hidden=\"true\"><\/span><\/summary><div class=\"ccv-faq-answer\" id=\"ccv-faq-answer-738-5-4\"><p>S\u00ec. L&#8217;eventuale tassa di soggiorno prevista dal Comune di Cariati sar\u00e0 comunicata prima della conferma della prenotazione e dovr\u00e0 essere corrisposta secondo la normativa vigente.<\/p>\n<\/div><\/details><details class=\"ccv-faq-item\" name=\"ccv-faq-738-5\"><summary class=\"ccv-faq-question\" aria-controls=\"ccv-faq-answer-738-5-5\"><span class=\"ccv-faq-question-text\">\u00c8 richiesta una cauzione?<\/span><span class=\"ccv-faq-icon\" aria-hidden=\"true\"><\/span><\/summary><div class=\"ccv-faq-answer\" id=\"ccv-faq-answer-738-5-5\"><p>Potrebbe essere richiesta una cauzione rimborsabile a tutela della propriet\u00e0. L&#8217;importo verr\u00e0 restituito dopo la verifica dell&#8217;alloggio al termine del soggiorno.<\/p>\n<\/div><\/details><details class=\"ccv-faq-item\" name=\"ccv-faq-738-5\"><summary class=\"ccv-faq-question\" aria-controls=\"ccv-faq-answer-738-5-6\"><span class=\"ccv-faq-question-text\">Cosa succede in caso di cancellazione?<\/span><span class=\"ccv-faq-icon\" aria-hidden=\"true\"><\/span><\/summary><div class=\"ccv-faq-answer\" id=\"ccv-faq-answer-738-5-6\"><p class=\"PDq2pG_selectionAnchorContainer\" data-start=\"1356\" data-end=\"1517\">Le condizioni di cancellazione vengono comunicate al momento della prenotazione. L&#8217;eventuale rimborso dipende dai tempi di preavviso e dal periodo del soggiorno.<\/p>\n<\/div><\/details><details class=\"ccv-faq-item\" name=\"ccv-faq-738-5\"><summary class=\"ccv-faq-question\" aria-controls=\"ccv-faq-answer-738-5-7\"><span class=\"ccv-faq-question-text\">Sono previsti costi aggiuntivi?<\/span><span class=\"ccv-faq-icon\" aria-hidden=\"true\"><\/span><\/summary><div class=\"ccv-faq-answer\" id=\"ccv-faq-answer-738-5-7\"><p>Eventuali costi aggiuntivi o supplementi saranno sempre comunicati in modo chiaro prima della conferma della prenotazione.<\/p>\n<\/div><\/details><details class=\"ccv-faq-item\" name=\"ccv-faq-738-5\"><summary class=\"ccv-faq-question\" aria-controls=\"ccv-faq-answer-738-5-8\"><span class=\"ccv-faq-question-text\">\u00c8 possibile aggiungere un settimo o un ottavo ospite?<\/span><span class=\"ccv-faq-icon\" aria-hidden=\"true\"><\/span><\/summary><div class=\"ccv-faq-answer\" id=\"ccv-faq-answer-738-5-8\"><p>S\u00ec. La casa pu\u00f2 ospitare fino a 8 persone. Per il settimo e l&#8217;ottavo ospite \u00e8 previsto un supplemento settimanale.<\/p>\n<\/div><\/details><\/div><\/div><\/details><\/section><section class=\"ccv-article-section ccv-faq-section\"><details id=\"ccv-faq-group-738-6\" class=\"ccv-faq-group\"><summary class=\"ccv-faq-group-summary\"><span class=\"ccv-faq-group-summary-text\">Check-in e soggiorno<\/span><span class=\"ccv-faq-group-icon\" aria-hidden=\"true\"><\/span><\/summary><div class=\"ccv-faq-group-content\"><div class=\"ccv-faq-group-intro\"><p>Scopri gli orari di arrivo e partenza, le informazioni richieste al check-in e i servizi di assistenza disponibili durante il tuo soggiorno.<\/p>\n<\/div><div class=\"ccv-faq\"><details class=\"ccv-faq-item\" name=\"ccv-faq-738-6\" open><summary class=\"ccv-faq-question\" aria-controls=\"ccv-faq-answer-738-6-0\"><span class=\"ccv-faq-question-text\">Quali sono gli orari di check-in e check-out?<\/span><span class=\"ccv-faq-icon\" aria-hidden=\"true\"><\/span><\/summary><div class=\"ccv-faq-answer\" id=\"ccv-faq-answer-738-6-0\"><ul data-start=\"434\" data-end=\"509\">\n<li data-section-id=\"t9eihn\" data-start=\"434\" data-end=\"469\"><strong data-start=\"436\" data-end=\"449\">Check-in:<\/strong> dalle ore <strong data-start=\"460\" data-end=\"469\">16:00<\/strong><\/li>\n<li data-section-id=\"7k8mvz\" data-start=\"470\" data-end=\"509\"><strong data-start=\"472\" data-end=\"486\">Check-out:<\/strong> entro le ore <strong data-start=\"500\" data-end=\"509\">10:00<\/strong><\/li>\n<\/ul>\n<p data-start=\"511\" data-end=\"581\">Eventuali richieste particolari possono essere concordate in anticipo.<\/p>\n<p>&nbsp;<\/p>\n<\/div><\/details><details class=\"ccv-faq-item\" name=\"ccv-faq-738-6\"><summary class=\"ccv-faq-question\" aria-controls=\"ccv-faq-answer-738-6-1\"><span class=\"ccv-faq-question-text\">\u00c8 possibile effettuare un check-in tardivo?<\/span><span class=\"ccv-faq-icon\" aria-hidden=\"true\"><\/span><\/summary><div class=\"ccv-faq-answer\" id=\"ccv-faq-answer-738-6-1\"><p class=\"PDq2pG_selectionAnchorContainer\" data-start=\"640\" data-end=\"743\">S\u00ec. Eventuali esigenze particolari relative all&#8217;orario di arrivo possono essere concordate in anticipo.<\/p>\n<\/div><\/details><details class=\"ccv-faq-item\" name=\"ccv-faq-738-6\"><summary class=\"ccv-faq-question\" aria-controls=\"ccv-faq-answer-738-6-2\"><span class=\"ccv-faq-question-text\">\u00c8 necessario presentare un documento d&#039;identit\u00e0 all&#039;arrivo?<\/span><span class=\"ccv-faq-icon\" aria-hidden=\"true\"><\/span><\/summary><div class=\"ccv-faq-answer\" id=\"ccv-faq-answer-738-6-2\"><p>S\u00ec. In conformit\u00e0 alla normativa italiana, tutti gli ospiti devono presentare un documento d&#8217;identit\u00e0 valido per la registrazione.<\/p>\n<\/div><\/details><details class=\"ccv-faq-item\" name=\"ccv-faq-738-6\"><summary class=\"ccv-faq-question\" aria-controls=\"ccv-faq-answer-738-6-3\"><span class=\"ccv-faq-question-text\">\u00c8 disponibile assistenza durante il soggiorno?<\/span><span class=\"ccv-faq-icon\" aria-hidden=\"true\"><\/span><\/summary><div class=\"ccv-faq-answer\" id=\"ccv-faq-answer-738-6-3\"><p>S\u00ec. Restiamo a disposizione degli ospiti per fornire supporto e informazioni relative alla casa o al territorio durante tutta la permanenza.<\/p>\n<\/div><\/details><details class=\"ccv-faq-item\" name=\"ccv-faq-738-6\"><summary class=\"ccv-faq-question\" aria-controls=\"ccv-faq-answer-738-6-4\"><span class=\"ccv-faq-question-text\">Potete consigliare spiagge, ristoranti ed esperienze?<\/span><span class=\"ccv-faq-icon\" aria-hidden=\"true\"><\/span><\/summary><div class=\"ccv-faq-answer\" id=\"ccv-faq-answer-738-6-4\"><p class=\"PDq2pG_selectionAnchorContainer\" data-start=\"1219\" data-end=\"1338\">S\u00ec. Saremo lieti di consigliarti spiagge, ristoranti, attivit\u00e0 ed esperienze per scoprire Cariati e la Calabria ionica.<\/p>\n<\/div><\/details><\/div><\/div><\/details><\/section><section class=\"ccv-article-section ccv-faq-section\"><details id=\"ccv-faq-group-738-7\" class=\"ccv-faq-group\"><summary class=\"ccv-faq-group-summary\"><span class=\"ccv-faq-group-summary-text\">Biancheria e pulizia<\/span><span class=\"ccv-faq-group-icon\" aria-hidden=\"true\"><\/span><\/summary><div class=\"ccv-faq-group-content\"><div class=\"ccv-faq-group-intro\"><p>Scopri cosa \u00e8 incluso in merito a biancheria, pulizia della casa e preparazione dell'alloggio prima del tuo arrivo.<\/p>\n<\/div><div class=\"ccv-faq\"><details class=\"ccv-faq-item\" name=\"ccv-faq-738-7\" open><summary class=\"ccv-faq-question\" aria-controls=\"ccv-faq-answer-738-7-0\"><span class=\"ccv-faq-question-text\">Le lenzuola e gli asciugamani sono inclusi?<\/span><span class=\"ccv-faq-icon\" aria-hidden=\"true\"><\/span><\/summary><div class=\"ccv-faq-answer\" id=\"ccv-faq-answer-738-7-0\"><p>No. Le lenzuola e gli asciugamani non sono inclusi.<\/p>\n<\/div><\/details><details class=\"ccv-faq-item\" name=\"ccv-faq-738-7\"><summary class=\"ccv-faq-question\" aria-controls=\"ccv-faq-answer-738-7-1\"><span class=\"ccv-faq-question-text\">La pulizia finale \u00e8 inclusa?<\/span><span class=\"ccv-faq-icon\" aria-hidden=\"true\"><\/span><\/summary><div class=\"ccv-faq-answer\" id=\"ccv-faq-answer-738-7-1\"><p>Le informazioni relative alla pulizia finale vengono comunicate durante la prenotazione insieme ai dettagli del soggiorno.<\/p>\n<\/div><\/details><details class=\"ccv-faq-item\" name=\"ccv-faq-738-7\"><summary class=\"ccv-faq-question\" aria-controls=\"ccv-faq-answer-738-7-2\"><span class=\"ccv-faq-question-text\">La casa viene pulita prima dell&#039;arrivo?<\/span><span class=\"ccv-faq-icon\" aria-hidden=\"true\"><\/span><\/summary><div class=\"ccv-faq-answer\" id=\"ccv-faq-answer-738-7-2\"><p>S\u00ec. Prima di ogni check-in la Dimora di Arianna viene pulita e preparata per accogliere gli ospiti, cos\u00ec da garantire un ambiente ordinato e pronto per il soggiorno.<\/p>\n<\/div><\/details><\/div><\/div><\/details><\/section><section class=\"ccv-article-section ccv-faq-section\"><details id=\"ccv-faq-group-738-8\" class=\"ccv-faq-group\"><summary class=\"ccv-faq-group-summary\"><span class=\"ccv-faq-group-summary-text\">Regole della casa<\/span><span class=\"ccv-faq-group-icon\" aria-hidden=\"true\"><\/span><\/summary><div class=\"ccv-faq-group-content\"><div class=\"ccv-faq-group-intro\"><p>Consulta le principali regole della Dimora di Arianna per vivere un soggiorno piacevole, nel rispetto della casa, degli altri ospiti e della tranquillit\u00e0 del villaggio.<\/p>\n<\/div><div class=\"ccv-faq\"><details class=\"ccv-faq-item\" name=\"ccv-faq-738-8\" open><summary class=\"ccv-faq-question\" aria-controls=\"ccv-faq-answer-738-8-0\"><span class=\"ccv-faq-question-text\">Le utenze sono incluse nel prezzo?<\/span><span class=\"ccv-faq-icon\" aria-hidden=\"true\"><\/span><\/summary><div class=\"ccv-faq-answer\" id=\"ccv-faq-answer-738-8-0\"><p>S\u00ec. I consumi standard di acqua, energia elettrica e gas sono inclusi nel prezzo del soggiorno.<\/p>\n<\/div><\/details><details class=\"ccv-faq-item\" name=\"ccv-faq-738-8\"><summary class=\"ccv-faq-question\" aria-controls=\"ccv-faq-answer-738-8-1\"><span class=\"ccv-faq-question-text\">Come funziona la raccolta differenziata?<\/span><span class=\"ccv-faq-icon\" aria-hidden=\"true\"><\/span><\/summary><div class=\"ccv-faq-answer\" id=\"ccv-faq-answer-738-8-1\"><p class=\"PDq2pG_selectionAnchorContainer\" data-start=\"433\" data-end=\"625\">Nel villaggio \u00e8 attiva la raccolta differenziata. Gli ospiti sono gentilmente invitati a seguire le indicazioni presenti in casa per contribuire a mantenere puliti e ordinati gli spazi comuni.<\/p>\n<\/div><\/details><details class=\"ccv-faq-item\" name=\"ccv-faq-738-8\"><summary class=\"ccv-faq-question\" aria-controls=\"ccv-faq-answer-738-8-2\"><span class=\"ccv-faq-question-text\">Ci sono orari di silenzio da rispettare?<\/span><span class=\"ccv-faq-icon\" aria-hidden=\"true\"><\/span><\/summary><div class=\"ccv-faq-answer\" id=\"ccv-faq-answer-738-8-2\"><p>S\u00ec. Chiediamo agli ospiti di rispettare la tranquillit\u00e0 del villaggio e dei residenti, soprattutto durante le ore serali e notturne.<\/p>\n<\/div><\/details><details class=\"ccv-faq-item\" name=\"ccv-faq-738-8\"><summary class=\"ccv-faq-question\" aria-controls=\"ccv-faq-answer-738-8-3\"><span class=\"ccv-faq-question-text\">Sono consentite feste o eventi?<\/span><span class=\"ccv-faq-icon\" aria-hidden=\"true\"><\/span><\/summary><div class=\"ccv-faq-answer\" id=\"ccv-faq-answer-738-8-3\"><p class=\"PDq2pG_selectionAnchorContainer\" data-start=\"860\" data-end=\"987\">No. La Dimora di Arianna \u00e8 pensata per vacanze all&#8217;insegna del relax e della tranquillit\u00e0; feste ed eventi non sono consentiti.<\/p>\n<\/div><\/details><details class=\"ccv-faq-item\" name=\"ccv-faq-738-8\"><summary class=\"ccv-faq-question\" aria-controls=\"ccv-faq-answer-738-8-4\"><span class=\"ccv-faq-question-text\">\u00c8 consentito fumare all&#039;interno della casa?<\/span><span class=\"ccv-faq-icon\" aria-hidden=\"true\"><\/span><\/summary><div class=\"ccv-faq-answer\" id=\"ccv-faq-answer-738-8-4\"><p>No. Per garantire il comfort di tutti gli ospiti, non \u00e8 consentito fumare all&#8217;interno dell&#8217;abitazione.<\/p>\n<\/div><\/details><\/div><\/div><\/details><\/section><\/div><\/div>\n\t\t\t\t\t\t<\/div>\n\t\t\t\t\t<\/div>\n\t\t\t\t<\/div>\n\t\t<div class=\"elementor-element elementor-element-8aa840b e-con-full e-flex e-con e-parent\" data-id=\"8aa840b\" data-element_type=\"container\" data-e-type=\"container\" data-settings=\"{&quot;background_background&quot;:&quot;classic&quot;,&quot;shape_divider_top&quot;:&quot;wave-brush&quot;,&quot;shape_divider_bottom&quot;:&quot;wave-brush&quot;}\">\n\t\t\t\t<div class=\"elementor-shape elementor-shape-top\" aria-hidden=\"true\" data-negative=\"false\">\n\t\t\t<svg xmlns=\"http:\/\/www.w3.org\/2000\/svg\" viewBox=\"0 0 283.5 27.8\" preserveAspectRatio=\"none\">\n\t<path class=\"elementor-shape-fill\" d=\"M283.5,9.7c0,0-7.3,4.3-14,4.6c-6.8,0.3-12.6,0-20.9-1.5c-11.3-2-33.1-10.1-44.7-5.7\ts-12.1,4.6-18,7.4c-6.6,3.2-20,9.6-36.6,9.3C131.6,23.5,99.5,7.2,86.3,8c-1.4,0.1-6.6,0.8-10.5,2c-3.8,1.2-9.4,3.8-17,4.7\tc-3.2,0.4-8.3,1.1-14.2,0.9c-1.5-0.1-6.3-0.4-12-1.6c-5.7-1.2-11-3.1-15.8-3.7C6.5,9.2,0,10.8,0,10.8V0h283.5V9.7z M260.8,11.3\tc-0.7-1-2-0.4-4.3-0.4c-2.3,0-6.1-1.2-5.8-1.1c0.3,0.1,3.1,1.5,6,1.9C259.7,12.2,261.4,12.3,260.8,11.3z M242.4,8.6\tc0,0-2.4-0.2-5.6-0.9c-3.2-0.8-10.3-2.8-15.1-3.5c-8.2-1.1-15.8,0-15.1,0.1c0.8,0.1,9.6-0.6,17.6,1.1c3.3,0.7,9.3,2.2,12.4,2.7\tC239.9,8.7,242.4,8.6,242.4,8.6z M185.2,8.5c1.7-0.7-13.3,4.7-18.5,6.1c-2.1,0.6-6.2,1.6-10,2c-3.9,0.4-8.9,0.4-8.8,0.5\tc0,0.2,5.8,0.8,11.2,0c5.4-0.8,5.2-1.1,7.6-1.6C170.5,14.7,183.5,9.2,185.2,8.5z M199.1,6.9c0.2,0-0.8-0.4-4.8,1.1\tc-4,1.5-6.7,3.5-6.9,3.7c-0.2,0.1,3.5-1.8,6.6-3C197,7.5,199,6.9,199.1,6.9z M283,6c-0.1,0.1-1.9,1.1-4.8,2.5s-6.9,2.8-6.7,2.7\tc0.2,0,3.5-0.6,7.4-2.5C282.8,6.8,283.1,5.9,283,6z M31.3,11.6c0.1-0.2-1.9-0.2-4.5-1.2s-5.4-1.6-7.8-2C15,7.6,7.3,8.5,7.7,8.6\tC8,8.7,15.9,8.3,20.2,9.3c2.2,0.5,2.4,0.5,5.7,1.6S31.2,11.9,31.3,11.6z M73,9.2c0.4-0.1,3.5-1.6,8.4-2.6c4.9-1.1,8.9-0.5,8.9-0.8\tc0-0.3-1-0.9-6.2-0.3S72.6,9.3,73,9.2z M71.6,6.7C71.8,6.8,75,5.4,77.3,5c2.3-0.3,1.9-0.5,1.9-0.6c0-0.1-1.1-0.2-2.7,0.2\tC74.8,5.1,71.4,6.6,71.6,6.7z M93.6,4.4c0.1,0.2,3.5,0.8,5.6,1.8c2.1,1,1.8,0.6,1.9,0.5c0.1-0.1-0.8-0.8-2.4-1.3\tC97.1,4.8,93.5,4.2,93.6,4.4z M65.4,11.1c-0.1,0.3,0.3,0.5,1.9-0.2s2.6-1.3,2.2-1.2s-0.9,0.4-2.5,0.8C65.3,10.9,65.5,10.8,65.4,11.1\tz M34.5,12.4c-0.2,0,2.1,0.8,3.3,0.9c1.2,0.1,2,0.1,2-0.2c0-0.3-0.1-0.5-1.6-0.4C36.6,12.8,34.7,12.4,34.5,12.4z M152.2,21.1\tc-0.1,0.1-2.4-0.3-7.5-0.3c-5,0-13.6-2.4-17.2-3.5c-3.6-1.1,10,3.9,16.5,4.1C150.5,21.6,152.3,21,152.2,21.1z\"\/>\n\t<path class=\"elementor-shape-fill\" d=\"M269.6,18c-0.1-0.1-4.6,0.3-7.2,0c-7.3-0.7-17-3.2-16.6-2.9c0.4,0.3,13.7,3.1,17,3.3\tC267.7,18.8,269.7,18,269.6,18z\"\/>\n\t<path class=\"elementor-shape-fill\" d=\"M227.4,9.8c-0.2-0.1-4.5-1-9.5-1.2c-5-0.2-12.7,0.6-12.3,0.5c0.3-0.1,5.9-1.8,13.3-1.2\tS227.6,9.9,227.4,9.8z\"\/>\n\t<path class=\"elementor-shape-fill\" d=\"M204.5,13.4c-0.1-0.1,2-1,3.2-1.1c1.2-0.1,2,0,2,0.3c0,0.3-0.1,0.5-1.6,0.4\tC206.4,12.9,204.6,13.5,204.5,13.4z\"\/>\n\t<path class=\"elementor-shape-fill\" d=\"M201,10.6c0-0.1-4.4,1.2-6.3,2.2c-1.9,0.9-6.2,3.1-6.1,3.1c0.1,0.1,4.2-1.6,6.3-2.6\tS201,10.7,201,10.6z\"\/>\n\t<path class=\"elementor-shape-fill\" d=\"M154.5,26.7c-0.1-0.1-4.6,0.3-7.2,0c-7.3-0.7-17-3.2-16.6-2.9c0.4,0.3,13.7,3.1,17,3.3\tC152.6,27.5,154.6,26.8,154.5,26.7z\"\/>\n\t<path class=\"elementor-shape-fill\" d=\"M41.9,19.3c0,0,1.2-0.3,2.9-0.1c1.7,0.2,5.8,0.9,8.2,0.7c4.2-0.4,7.4-2.7,7-2.6\tc-0.4,0-4.3,2.2-8.6,1.9c-1.8-0.1-5.1-0.5-6.7-0.4S41.9,19.3,41.9,19.3z\"\/>\n\t<path class=\"elementor-shape-fill\" d=\"M75.5,12.6c0.2,0.1,2-0.8,4.3-1.1c2.3-0.2,2.1-0.3,2.1-0.5c0-0.1-1.8-0.4-3.4,0\tC76.9,11.5,75.3,12.5,75.5,12.6z\"\/>\n\t<path class=\"elementor-shape-fill\" d=\"M15.6,13.2c0-0.1,4.3,0,6.7,0.5c2.4,0.5,5,1.9,5,2c0,0.1-2.7-0.8-5.1-1.4\tC19.9,13.7,15.7,13.3,15.6,13.2z\"\/>\n<\/svg>\t\t<\/div>\n\t\t\t\t<div class=\"elementor-shape elementor-shape-bottom\" aria-hidden=\"true\" data-negative=\"false\">\n\t\t\t<svg xmlns=\"http:\/\/www.w3.org\/2000\/svg\" viewBox=\"0 0 283.5 27.8\" preserveAspectRatio=\"none\">\n\t<path class=\"elementor-shape-fill\" d=\"M283.5,9.7c0,0-7.3,4.3-14,4.6c-6.8,0.3-12.6,0-20.9-1.5c-11.3-2-33.1-10.1-44.7-5.7\ts-12.1,4.6-18,7.4c-6.6,3.2-20,9.6-36.6,9.3C131.6,23.5,99.5,7.2,86.3,8c-1.4,0.1-6.6,0.8-10.5,2c-3.8,1.2-9.4,3.8-17,4.7\tc-3.2,0.4-8.3,1.1-14.2,0.9c-1.5-0.1-6.3-0.4-12-1.6c-5.7-1.2-11-3.1-15.8-3.7C6.5,9.2,0,10.8,0,10.8V0h283.5V9.7z M260.8,11.3\tc-0.7-1-2-0.4-4.3-0.4c-2.3,0-6.1-1.2-5.8-1.1c0.3,0.1,3.1,1.5,6,1.9C259.7,12.2,261.4,12.3,260.8,11.3z M242.4,8.6\tc0,0-2.4-0.2-5.6-0.9c-3.2-0.8-10.3-2.8-15.1-3.5c-8.2-1.1-15.8,0-15.1,0.1c0.8,0.1,9.6-0.6,17.6,1.1c3.3,0.7,9.3,2.2,12.4,2.7\tC239.9,8.7,242.4,8.6,242.4,8.6z M185.2,8.5c1.7-0.7-13.3,4.7-18.5,6.1c-2.1,0.6-6.2,1.6-10,2c-3.9,0.4-8.9,0.4-8.8,0.5\tc0,0.2,5.8,0.8,11.2,0c5.4-0.8,5.2-1.1,7.6-1.6C170.5,14.7,183.5,9.2,185.2,8.5z M199.1,6.9c0.2,0-0.8-0.4-4.8,1.1\tc-4,1.5-6.7,3.5-6.9,3.7c-0.2,0.1,3.5-1.8,6.6-3C197,7.5,199,6.9,199.1,6.9z M283,6c-0.1,0.1-1.9,1.1-4.8,2.5s-6.9,2.8-6.7,2.7\tc0.2,0,3.5-0.6,7.4-2.5C282.8,6.8,283.1,5.9,283,6z M31.3,11.6c0.1-0.2-1.9-0.2-4.5-1.2s-5.4-1.6-7.8-2C15,7.6,7.3,8.5,7.7,8.6\tC8,8.7,15.9,8.3,20.2,9.3c2.2,0.5,2.4,0.5,5.7,1.6S31.2,11.9,31.3,11.6z M73,9.2c0.4-0.1,3.5-1.6,8.4-2.6c4.9-1.1,8.9-0.5,8.9-0.8\tc0-0.3-1-0.9-6.2-0.3S72.6,9.3,73,9.2z M71.6,6.7C71.8,6.8,75,5.4,77.3,5c2.3-0.3,1.9-0.5,1.9-0.6c0-0.1-1.1-0.2-2.7,0.2\tC74.8,5.1,71.4,6.6,71.6,6.7z M93.6,4.4c0.1,0.2,3.5,0.8,5.6,1.8c2.1,1,1.8,0.6,1.9,0.5c0.1-0.1-0.8-0.8-2.4-1.3\tC97.1,4.8,93.5,4.2,93.6,4.4z M65.4,11.1c-0.1,0.3,0.3,0.5,1.9-0.2s2.6-1.3,2.2-1.2s-0.9,0.4-2.5,0.8C65.3,10.9,65.5,10.8,65.4,11.1\tz M34.5,12.4c-0.2,0,2.1,0.8,3.3,0.9c1.2,0.1,2,0.1,2-0.2c0-0.3-0.1-0.5-1.6-0.4C36.6,12.8,34.7,12.4,34.5,12.4z M152.2,21.1\tc-0.1,0.1-2.4-0.3-7.5-0.3c-5,0-13.6-2.4-17.2-3.5c-3.6-1.1,10,3.9,16.5,4.1C150.5,21.6,152.3,21,152.2,21.1z\"\/>\n\t<path class=\"elementor-shape-fill\" d=\"M269.6,18c-0.1-0.1-4.6,0.3-7.2,0c-7.3-0.7-17-3.2-16.6-2.9c0.4,0.3,13.7,3.1,17,3.3\tC267.7,18.8,269.7,18,269.6,18z\"\/>\n\t<path class=\"elementor-shape-fill\" d=\"M227.4,9.8c-0.2-0.1-4.5-1-9.5-1.2c-5-0.2-12.7,0.6-12.3,0.5c0.3-0.1,5.9-1.8,13.3-1.2\tS227.6,9.9,227.4,9.8z\"\/>\n\t<path class=\"elementor-shape-fill\" d=\"M204.5,13.4c-0.1-0.1,2-1,3.2-1.1c1.2-0.1,2,0,2,0.3c0,0.3-0.1,0.5-1.6,0.4\tC206.4,12.9,204.6,13.5,204.5,13.4z\"\/>\n\t<path class=\"elementor-shape-fill\" d=\"M201,10.6c0-0.1-4.4,1.2-6.3,2.2c-1.9,0.9-6.2,3.1-6.1,3.1c0.1,0.1,4.2-1.6,6.3-2.6\tS201,10.7,201,10.6z\"\/>\n\t<path class=\"elementor-shape-fill\" d=\"M154.5,26.7c-0.1-0.1-4.6,0.3-7.2,0c-7.3-0.7-17-3.2-16.6-2.9c0.4,0.3,13.7,3.1,17,3.3\tC152.6,27.5,154.6,26.8,154.5,26.7z\"\/>\n\t<path class=\"elementor-shape-fill\" d=\"M41.9,19.3c0,0,1.2-0.3,2.9-0.1c1.7,0.2,5.8,0.9,8.2,0.7c4.2-0.4,7.4-2.7,7-2.6\tc-0.4,0-4.3,2.2-8.6,1.9c-1.8-0.1-5.1-0.5-6.7-0.4S41.9,19.3,41.9,19.3z\"\/>\n\t<path class=\"elementor-shape-fill\" d=\"M75.5,12.6c0.2,0.1,2-0.8,4.3-1.1c2.3-0.2,2.1-0.3,2.1-0.5c0-0.1-1.8-0.4-3.4,0\tC76.9,11.5,75.3,12.5,75.5,12.6z\"\/>\n\t<path class=\"elementor-shape-fill\" d=\"M15.6,13.2c0-0.1,4.3,0,6.7,0.5c2.4,0.5,5,1.9,5,2c0,0.1-2.7-0.8-5.1-1.4\tC19.9,13.7,15.7,13.3,15.6,13.2z\"\/>\n<\/svg>\t\t<\/div>\n\t\t<div class=\"elementor-element elementor-element-2bed43c e-con-full e-flex e-con e-child\" data-id=\"2bed43c\" data-element_type=\"container\" data-e-type=\"container\">\n\t\t<div class=\"elementor-element elementor-element-e8a2cb7 e-flex e-con-boxed e-con e-child\" data-id=\"e8a2cb7\" data-element_type=\"container\" data-e-type=\"container\">\n\t\t\t\t\t<div class=\"e-con-inner\">\n\t\t<div class=\"elementor-element elementor-element-98b58e3 e-con-full e-flex e-con e-child\" data-id=\"98b58e3\" data-element_type=\"container\" data-e-type=\"container\">\n\t\t\t\t<div class=\"elementor-element elementor-element-e686e44 elementor-grid-3 elementor-grid-tablet-2 elementor-grid-mobile-1 elementor-widget elementor-widget-loop-grid\" data-id=\"e686e44\" data-element_type=\"widget\" data-e-type=\"widget\" data-settings=\"{&quot;template_id&quot;:&quot;670&quot;,&quot;row_gap&quot;:{&quot;unit&quot;:&quot;px&quot;,&quot;size&quot;:40,&quot;sizes&quot;:[]},&quot;columns&quot;:3,&quot;pagination_type&quot;:&quot;numbers_and_prev_next&quot;,&quot;_skin&quot;:&quot;post&quot;,&quot;columns_tablet&quot;:&quot;2&quot;,&quot;columns_mobile&quot;:&quot;1&quot;,&quot;edit_handle_selector&quot;:&quot;[data-elementor-type=\\&quot;loop-item\\&quot;]&quot;,&quot;pagination_load_type&quot;:&quot;page_reload&quot;,&quot;row_gap_tablet&quot;:{&quot;unit&quot;:&quot;px&quot;,&quot;size&quot;:&quot;&quot;,&quot;sizes&quot;:[]},&quot;row_gap_mobile&quot;:{&quot;unit&quot;:&quot;px&quot;,&quot;size&quot;:&quot;&quot;,&quot;sizes&quot;:[]}}\" data-widget_type=\"loop-grid.post\">\n\t\t\t\t<div class=\"elementor-widget-container\">\n\t\t\t\t\t\t\t<div class=\"elementor-loop-container elementor-grid\" role=\"list\">\n\t\t<style id=\"loop-670\">.elementor-670 .elementor-element.elementor-element-945af71{--display:flex;--min-height:0px;--flex-direction:column;--container-widget-width:100%;--container-widget-height:initial;--container-widget-flex-grow:0;--container-widget-align-self:initial;--flex-wrap-mobile:wrap;--justify-content:center;--gap:0px 0px;--row-gap:0px;--column-gap:0px;border-style:none;--border-style:none;--border-radius:30px 30px 30px 30px;--padding-top:0px;--padding-bottom:0px;--padding-left:0px;--padding-right:0px;}.elementor-670 .elementor-element.elementor-element-945af71:hover::before{filter:brightness( 100% ) contrast( 100% ) saturate( 100% ) blur( 0px ) hue-rotate( 0deg );}.elementor-670 .elementor-element.elementor-element-32cc1f4{--display:flex;--min-height:0px;--gap:24px 24px;--row-gap:24px;--column-gap:24px;--overflow:hidden;--border-radius:30px 30px 30px 30px;--padding-top:0px;--padding-bottom:0px;--padding-left:0px;--padding-right:0px;}.elementor-670 .elementor-element.elementor-element-af08c15 img{width:100%;max-width:100%;height:100%;object-fit:cover;object-position:center center;opacity:1;border-radius:30px 30px 30px 30px;}.elementor-670 .elementor-element.elementor-element-af08c15:hover img{opacity:0.1;}.elementor-670 .elementor-element.elementor-element-af08c15{margin:0px 0px calc(var(--kit-widget-spacing, 0px) + 0px) 0px;padding:0px 0px -0px 0px;}.elementor-670 .elementor-element.elementor-element-af08c15.elementor-element{--align-self:center;}.elementor-670 .elementor-element.elementor-element-af08c15:hover{--e-transform-scale:1.1;}.elementor-670 .elementor-element.elementor-element-f9c17c7{--display:flex;--min-height:0px;--gap:12px 12px;--row-gap:12px;--column-gap:12px;--padding-top:0px;--padding-bottom:0px;--padding-left:0px;--padding-right:0px;}.elementor-670 .elementor-element.elementor-element-1054bb6{text-align:start;width:100%;max-width:100%;}.elementor-670 .elementor-element.elementor-element-1054bb6 .elementor-heading-title{font-family:\"Playfair Display\", Sans-serif;font-size:22px;font-weight:400;text-transform:none;line-height:40px;color:#000000;}.elementor-670 .elementor-element.elementor-element-1054bb6.elementor-element{--flex-grow:0;--flex-shrink:0;}.elementor-670 .elementor-element.elementor-element-3ff55b8{font-family:\"Inter\", Sans-serif;font-size:12px;}@media(min-width:768px){.elementor-670 .elementor-element.elementor-element-945af71{--content-width:100%;}}@media(max-width:1024px){.elementor-670 .elementor-element.elementor-element-af08c15 img{height:342px;}.elementor-670 .elementor-element.elementor-element-1054bb6 .elementor-heading-title{font-size:25px;line-height:35px;}.elementor-670 .elementor-element.elementor-element-1054bb6{width:100%;max-width:100%;}}@media(max-width:767px){.elementor-670 .elementor-element.elementor-element-af08c15 img{height:277px;}.elementor-670 .elementor-element.elementor-element-1054bb6 .elementor-heading-title{font-size:30px;line-height:42px;}}<\/style>\t\t<div data-elementor-type=\"loop-item\" data-elementor-id=\"670\" class=\"elementor elementor-670 e-loop-item e-loop-item-5540 post-5540 post type-post status-publish format-standard has-post-thumbnail hentry category-vacanze-in-famiglia category-escursioni-in-calabria category-eventi-in-calabria category-piatti-tipici-calabresi category-spiagge-in-calabria category-cosa-vedere-in-calabria\" data-elementor-post-type=\"elementor_library\" data-custom-edit-handle=\"1\">\n\t\t\t<div class=\"elementor-element elementor-element-945af71 ccv-related-card e-flex e-con-boxed e-con e-parent\" data-id=\"945af71\" data-element_type=\"container\" data-e-type=\"container\">\n\t\t\t\t\t<div class=\"e-con-inner\">\n\t\t<div class=\"elementor-element elementor-element-32cc1f4 e-con-full ccv-related-card-media e-flex e-con e-child\" data-id=\"32cc1f4\" data-element_type=\"container\" data-e-type=\"container\">\n\t\t\t\t<div class=\"elementor-element elementor-element-af08c15 e-transform elementor-widget elementor-widget-image\" data-id=\"af08c15\" data-element_type=\"widget\" data-e-type=\"widget\" data-settings=\"{&quot;_transform_scale_effect_hover&quot;:{&quot;unit&quot;:&quot;px&quot;,&quot;size&quot;:1.1,&quot;sizes&quot;:[]},&quot;_transform_scale_effect_hover_tablet&quot;:{&quot;unit&quot;:&quot;px&quot;,&quot;size&quot;:&quot;&quot;,&quot;sizes&quot;:[]},&quot;_transform_scale_effect_hover_mobile&quot;:{&quot;unit&quot;:&quot;px&quot;,&quot;size&quot;:&quot;&quot;,&quot;sizes&quot;:[]}}\" data-widget_type=\"image.default\">\n\t\t\t\t\t\t\t\t\t\t\t\t\t\t\t\t<a href=\"https:\/\/calabria-casa-vacanze.it\/en\/cariati-cariati-marina\/\">\n\t\t\t\t\t\t\t<img decoding=\"async\" width=\"1331\" height=\"385\" src=\"https:\/\/calabria-casa-vacanze.it\/wp-content\/uploads\/2026\/08\/calabria-casa-vacanze-la-dimora-di-arianna-cariati-marina-centro-storico-mare.webp\" class=\"attachment-full size-full wp-image-5619\" alt=\"Veduta di Cariati Marina dal mare con la spiaggia e il centro storico di Cariati sulla collina\" srcset=\"https:\/\/calabria-casa-vacanze.it\/wp-content\/uploads\/2026\/08\/calabria-casa-vacanze-la-dimora-di-arianna-cariati-marina-centro-storico-mare.webp 1331w, https:\/\/calabria-casa-vacanze.it\/wp-content\/uploads\/2026\/08\/calabria-casa-vacanze-la-dimora-di-arianna-cariati-marina-centro-storico-mare-300x87.webp 300w, https:\/\/calabria-casa-vacanze.it\/wp-content\/uploads\/2026\/08\/calabria-casa-vacanze-la-dimora-di-arianna-cariati-marina-centro-storico-mare-1024x296.webp 1024w, https:\/\/calabria-casa-vacanze.it\/wp-content\/uploads\/2026\/08\/calabria-casa-vacanze-la-dimora-di-arianna-cariati-marina-centro-storico-mare-768x222.webp 768w, https:\/\/calabria-casa-vacanze.it\/wp-content\/uploads\/2026\/08\/calabria-casa-vacanze-la-dimora-di-arianna-cariati-marina-centro-storico-mare-18x5.webp 18w, https:\/\/calabria-casa-vacanze.it\/wp-content\/uploads\/2026\/08\/calabria-casa-vacanze-la-dimora-di-arianna-cariati-marina-centro-storico-mare-350x100.webp 350w\" sizes=\"(max-width: 1331px) 100vw, 1331px\" \/>\t\t\t\t\t\t\t\t<\/a>\n\t\t\t\t\t\t\t\t\t\t\t\t\t\t\t<\/div>\n\t\t\t\t<\/div>\n\t\t<div class=\"elementor-element elementor-element-f9c17c7 e-con-full ccv-related-card-body e-flex e-con e-child\" data-id=\"f9c17c7\" data-element_type=\"container\" data-e-type=\"container\">\n\t\t\t\t<div class=\"elementor-element elementor-element-1054bb6 elementor-widget__width-inherit elementor-widget-tablet__width-inherit elementor-widget elementor-widget-heading\" data-id=\"1054bb6\" data-element_type=\"widget\" data-e-type=\"widget\" data-widget_type=\"heading.default\">\n\t\t\t\t\t<h4 class=\"elementor-heading-title elementor-size-default\"><a href=\"https:\/\/calabria-casa-vacanze.it\/en\/cariati-cariati-marina\/\">Cariati e Cariati Marina: cosa vedere e cosa fare in vacanza<\/a><\/h4>\t\t\t\t<\/div>\n\t\t\t\t<div class=\"elementor-element elementor-element-3ff55b8 elementor-widget elementor-widget-theme-post-excerpt\" data-id=\"3ff55b8\" data-element_type=\"widget\" data-e-type=\"widget\" data-widget_type=\"theme-post-excerpt.default\">\n\t\t\t\t\tGuida a Cariati e Cariati Marina per organizzare la vacanza: cosa vedere e fare, mare, borgo, spiagge, dintorni e informazioni utili per il soggiorno.\t\t\t\t<\/div>\n\t\t\t\t<\/div>\n\t\t\t\t\t<\/div>\n\t\t\t\t<\/div>\n\t\t\t\t<\/div>\n\t\t\t\t<div data-elementor-type=\"loop-item\" data-elementor-id=\"670\" class=\"elementor elementor-670 e-loop-item e-loop-item-5070 post-5070 post type-post status-publish format-standard has-post-thumbnail hentry category-vacanze-in-famiglia category-escursioni-in-calabria category-eventi-in-calabria category-piatti-tipici-calabresi category-spiagge-in-calabria category-cosa-vedere-in-calabria\" data-elementor-post-type=\"elementor_library\" data-custom-edit-handle=\"1\">\n\t\t\t<div class=\"elementor-element elementor-element-945af71 ccv-related-card e-flex e-con-boxed e-con e-parent\" data-id=\"945af71\" data-element_type=\"container\" data-e-type=\"container\">\n\t\t\t\t\t<div class=\"e-con-inner\">\n\t\t<div class=\"elementor-element elementor-element-32cc1f4 e-con-full ccv-related-card-media e-flex e-con e-child\" data-id=\"32cc1f4\" data-element_type=\"container\" data-e-type=\"container\">\n\t\t\t\t<div class=\"elementor-element elementor-element-af08c15 e-transform elementor-widget elementor-widget-image\" data-id=\"af08c15\" data-element_type=\"widget\" data-e-type=\"widget\" data-settings=\"{&quot;_transform_scale_effect_hover&quot;:{&quot;unit&quot;:&quot;px&quot;,&quot;size&quot;:1.1,&quot;sizes&quot;:[]},&quot;_transform_scale_effect_hover_tablet&quot;:{&quot;unit&quot;:&quot;px&quot;,&quot;size&quot;:&quot;&quot;,&quot;sizes&quot;:[]},&quot;_transform_scale_effect_hover_mobile&quot;:{&quot;unit&quot;:&quot;px&quot;,&quot;size&quot;:&quot;&quot;,&quot;sizes&quot;:[]}}\" data-widget_type=\"image.default\">\n\t\t\t\t\t\t\t\t\t\t\t\t\t\t\t\t<a href=\"https:\/\/calabria-casa-vacanze.it\/en\/casa-vacanze-in-calabria\/\">\n\t\t\t\t\t\t\t<img decoding=\"async\" width=\"1200\" height=\"676\" src=\"https:\/\/calabria-casa-vacanze.it\/wp-content\/uploads\/2026\/08\/calabria-casa-vacanze-paesaggio-costa-ionica-casa.webp\" class=\"attachment-full size-full wp-image-5107\" alt=\"Calabria Casa Vacanze, Costa ionica della Calabria con mare, spiaggia e promontorio\" srcset=\"https:\/\/calabria-casa-vacanze.it\/wp-content\/uploads\/2026\/08\/calabria-casa-vacanze-paesaggio-costa-ionica-casa.webp 1200w, https:\/\/calabria-casa-vacanze.it\/wp-content\/uploads\/2026\/08\/calabria-casa-vacanze-paesaggio-costa-ionica-casa-300x169.webp 300w, https:\/\/calabria-casa-vacanze.it\/wp-content\/uploads\/2026\/08\/calabria-casa-vacanze-paesaggio-costa-ionica-casa-1024x577.webp 1024w, https:\/\/calabria-casa-vacanze.it\/wp-content\/uploads\/2026\/08\/calabria-casa-vacanze-paesaggio-costa-ionica-casa-768x433.webp 768w, https:\/\/calabria-casa-vacanze.it\/wp-content\/uploads\/2026\/08\/calabria-casa-vacanze-paesaggio-costa-ionica-casa-18x10.webp 18w\" sizes=\"(max-width: 1200px) 100vw, 1200px\" \/>\t\t\t\t\t\t\t\t<\/a>\n\t\t\t\t\t\t\t\t\t\t\t\t\t\t\t<\/div>\n\t\t\t\t<\/div>\n\t\t<div class=\"elementor-element elementor-element-f9c17c7 e-con-full ccv-related-card-body e-flex e-con e-child\" data-id=\"f9c17c7\" data-element_type=\"container\" data-e-type=\"container\">\n\t\t\t\t<div class=\"elementor-element elementor-element-1054bb6 elementor-widget__width-inherit elementor-widget-tablet__width-inherit elementor-widget elementor-widget-heading\" data-id=\"1054bb6\" data-element_type=\"widget\" data-e-type=\"widget\" data-widget_type=\"heading.default\">\n\t\t\t\t\t<h4 class=\"elementor-heading-title elementor-size-default\"><a href=\"https:\/\/calabria-casa-vacanze.it\/en\/casa-vacanze-in-calabria\/\">Casa vacanze in Calabria: dove soggiornare e come scegliere quella giusta<\/a><\/h4>\t\t\t\t<\/div>\n\t\t\t\t<div class=\"elementor-element elementor-element-3ff55b8 elementor-widget elementor-widget-theme-post-excerpt\" data-id=\"3ff55b8\" data-element_type=\"widget\" data-e-type=\"widget\" data-widget_type=\"theme-post-excerpt.default\">\n\t\t\t\t\tUna guida per scegliere la casa vacanze in Calabria pi\u00f9 adatta al tuo soggiorno: dalle differenze tra costa ionica e tirrenica alle zone da conoscere, fino ai criteri pratici per valutare posizione, vicinanza al mare, spazi e servizi.\t\t\t\t<\/div>\n\t\t\t\t<\/div>\n\t\t\t\t\t<\/div>\n\t\t\t\t<\/div>\n\t\t\t\t<\/div>\n\t\t\t\t<\/div>\n\t\t\n\t\t\t\t\t\t<\/div>\n\t\t\t\t<\/div>\n\t\t\t\t<\/div>\n\t\t<div class=\"elementor-element elementor-element-87cb96a e-con-full e-flex e-con e-child\" data-id=\"87cb96a\" data-element_type=\"container\" data-e-type=\"container\">\n\t\t\t\t<div class=\"elementor-element elementor-element-80a9659 animated-slow elementor-invisible elementor-widget elementor-widget-heading\" data-id=\"80a9659\" data-element_type=\"widget\" data-e-type=\"widget\" data-settings=\"{&quot;_animation&quot;:&quot;fadeInUp&quot;}\" data-widget_type=\"heading.default\">\n\t\t\t\t\t<div class=\"elementor-heading-title elementor-size-default\">SCOPRI IL TERRITORIO<\/div>\t\t\t\t<\/div>\n\t\t\t\t<div class=\"elementor-element elementor-element-a9dd4a2 elementor-widget__width-inherit elementor-widget-tablet__width-inherit animated-slow elementor-invisible elementor-widget elementor-widget-heading\" data-id=\"a9dd4a2\" data-element_type=\"widget\" data-e-type=\"widget\" data-settings=\"{&quot;_animation&quot;:&quot;fadeInUp&quot;}\" data-widget_type=\"heading.default\">\n\t\t\t\t\t<h2 class=\"elementor-heading-title elementor-size-default\">Lasciati ispirare prima della partenza<\/h2>\t\t\t\t<\/div>\n\t\t\t\t<div class=\"elementor-element elementor-element-ed6d77a elementor-widget__width-inherit animated-slow elementor-invisible elementor-widget elementor-widget-text-editor\" data-id=\"ed6d77a\" data-element_type=\"widget\" data-e-type=\"widget\" data-settings=\"{&quot;_animation&quot;:&quot;fadeInUp&quot;}\" data-widget_type=\"text-editor.default\">\n\t\t\t\t\t\t\t\t\t<p class=\"PDq2pG_selectionAnchorContainer\" data-start=\"352\" data-end=\"593\">Esplora le nostre guide dedicate a Cariati e alla Calabria Ionica. Troverai consigli pratici, spiagge, itinerari, ristoranti, borghi e tante idee per organizzare al meglio la tua vacanza e vivere il territorio come un abitante del posto.<\/p>\t\t\t\t\t\t\t\t<\/div>\n\t\t\t\t<\/div>\n\t\t\t\t\t<\/div>\n\t\t\t\t<\/div>\n\t\t\t\t<\/div>\n\t\t\t\t<\/div>\n\t\t<div class=\"elementor-element elementor-element-35a8eeb e-con e-atomic-element e-flexbox-base e-feb2bb5 \" data-id=\"35a8eeb\" data-element_type=\"e-flexbox\" data-e-type=\"e-flexbox\" data-interaction-id=\"35a8eeb\" data-e-type=\"e-flexbox\" data-id=\"35a8eeb\">\n    \t\t<div class=\"elementor-element elementor-element-99dbed7 elementor-widget elementor-widget-shortcode\" data-id=\"99dbed7\" data-element_type=\"widget\" data-e-type=\"widget\" data-widget_type=\"shortcode.default\">\n\t\t\t\t\t\t\t<div class=\"elementor-shortcode\">\t\t<div data-elementor-type=\"container\" data-elementor-id=\"3998\" class=\"elementor elementor-3998\" data-elementor-post-type=\"elementor_library\">\n\t\t\t\t<section class=\"elementor-element elementor-element-a12df62 e-con e-atomic-element e-flexbox-base e-f25152c \" data-id=\"a12df62\" data-element_type=\"e-flexbox\" data-e-type=\"e-flexbox\" data-interaction-id=\"a12df62\" data-e-type=\"e-flexbox\" data-id=\"a12df62\">\n    <div class=\"elementor-element elementor-element-22b8185 e-con-full e-flex e-con e-parent\" data-id=\"22b8185\" data-element_type=\"container\" data-e-type=\"container\" data-settings=\"{&quot;background_background&quot;:&quot;classic&quot;}\">\n\t\t<div class=\"elementor-element elementor-element-0a2e207 e-con-full e-flex e-con e-child\" data-id=\"0a2e207\" data-element_type=\"container\" data-e-type=\"container\">\n\t\t<div class=\"elementor-element elementor-element-37a2478 e-con-full e-flex e-con e-child\" data-id=\"37a2478\" data-element_type=\"container\" data-e-type=\"container\">\n\t\t<div class=\"elementor-element elementor-element-1830ca8 e-con-full e-flex e-con e-child\" data-id=\"1830ca8\" data-element_type=\"container\" data-e-type=\"container\">\n\t\t\t\t<div class=\"elementor-element elementor-element-07c8d3d elementor-widget elementor-widget-text-editor\" data-id=\"07c8d3d\" data-element_type=\"widget\" data-e-type=\"widget\" data-widget_type=\"text-editor.default\">\n\t\t\t\t\t\t\t\t\t<p>LA DIMORA DI ARIANNA \u00b7 CARIATI MARINA<\/p>\t\t\t\t\t\t\t\t<\/div>\n\t\t\t\t\t\n<hr class=\"e-19ef7e0-79d2bf6 e-divider-base\" data-interaction-id=\"19ef7e0\"  data-e-type=\"widget\" data-id=\"19ef7e0\" \/>\n\t\t\t\t<\/div>\n\t\t<div class=\"elementor-element elementor-element-b628f40 e-con-full e-flex e-con e-child\" data-id=\"b628f40\" data-element_type=\"container\" data-e-type=\"container\">\n\t\t\t\t<div class=\"elementor-element elementor-element-1de6ecb elementor-widget elementor-widget-heading\" data-id=\"1de6ecb\" data-element_type=\"widget\" data-e-type=\"widget\" data-widget_type=\"heading.default\">\n\t\t\t\t\t<h2 class=\"elementor-heading-title elementor-size-default\">Organizza il tuo soggiorno a <br> La Dimora di Arianna<\/h2>\t\t\t\t<\/div>\n\t\t\t\t<\/div>\n\t\t<div class=\"elementor-element elementor-element-2979c97 e-con-full e-flex e-con e-child\" data-id=\"2979c97\" data-element_type=\"container\" data-e-type=\"container\">\n\t\t\t\t\t<p class=\"e-8e0a64e-f19fb74 e-paragraph-base\" data-interaction-id=\"8e0a64e\" data-e-type=\"widget\" data-id=\"8e0a64e\">Scopri se La Dimora di Arianna \u00e8 disponibile nel periodo che hai scelto e contattaci direttamente <br>per organizzare il soggiorno.<\/p>\n\t\t\t\t<\/div>\n\t\t<div class=\"elementor-element elementor-element-ad6abea e-con-full e-flex e-con e-child\" data-id=\"ad6abea\" data-element_type=\"container\" data-e-type=\"container\">\n\t\t\t\t<div class=\"elementor-element elementor-element-0e493de elementor-widget elementor-widget-button\" data-id=\"0e493de\" data-element_type=\"widget\" data-e-type=\"widget\" data-widget_type=\"button.default\">\n\t\t\t\t\t\t\t\t\t\t<a class=\"elementor-button elementor-button-link elementor-size-sm elementor-animation-grow\" href=\"https:\/\/calabria-casa-vacanze.it\/check-availability\/\">\n\t\t\t\t\t\t<span class=\"elementor-button-content-wrapper\">\n\t\t\t\t\t\t<span class=\"elementor-button-icon\">\n\t\t\t\t<svg aria-hidden=\"true\" class=\"e-font-icon-svg e-far-calendar-alt\" viewBox=\"0 0 448 512\" xmlns=\"http:\/\/www.w3.org\/2000\/svg\"><path d=\"M148 288h-40c-6.6 0-12-5.4-12-12v-40c0-6.6 5.4-12 12-12h40c6.6 0 12 5.4 12 12v40c0 6.6-5.4 12-12 12zm108-12v-40c0-6.6-5.4-12-12-12h-40c-6.6 0-12 5.4-12 12v40c0 6.6 5.4 12 12 12h40c6.6 0 12-5.4 12-12zm96 0v-40c0-6.6-5.4-12-12-12h-40c-6.6 0-12 5.4-12 12v40c0 6.6 5.4 12 12 12h40c6.6 0 12-5.4 12-12zm-96 96v-40c0-6.6-5.4-12-12-12h-40c-6.6 0-12 5.4-12 12v40c0 6.6 5.4 12 12 12h40c6.6 0 12-5.4 12-12zm-96 0v-40c0-6.6-5.4-12-12-12h-40c-6.6 0-12 5.4-12 12v40c0 6.6 5.4 12 12 12h40c6.6 0 12-5.4 12-12zm192 0v-40c0-6.6-5.4-12-12-12h-40c-6.6 0-12 5.4-12 12v40c0 6.6 5.4 12 12 12h40c6.6 0 12-5.4 12-12zm96-260v352c0 26.5-21.5 48-48 48H48c-26.5 0-48-21.5-48-48V112c0-26.5 21.5-48 48-48h48V12c0-6.6 5.4-12 12-12h40c6.6 0 12 5.4 12 12v52h128V12c0-6.6 5.4-12 12-12h40c6.6 0 12 5.4 12 12v52h48c26.5 0 48 21.5 48 48zm-48 346V160H48v298c0 3.3 2.7 6 6 6h340c3.3 0 6-2.7 6-6z\"><\/path><\/svg>\t\t\t<\/span>\n\t\t\t\t\t\t\t\t\t<span class=\"elementor-button-text\">CONTROLLA DISPONIBILIT\u00c0<\/span>\n\t\t\t\t\t<\/span>\n\t\t\t\t\t<\/a>\n\t\t\t\t\t\t\t\t<\/div>\n\t\t\t\t<\/div>\n\t\t<div class=\"elementor-element elementor-element-298324b e-con-full e-flex e-con e-child\" data-id=\"298324b\" data-element_type=\"container\" data-e-type=\"container\">\n\t\t<div class=\"elementor-element elementor-element-2e409ff e-con-full e-flex e-con e-child\" data-id=\"2e409ff\" data-element_type=\"container\" data-e-type=\"container\">\n\t\t\t\t<div class=\"elementor-element elementor-element-02b2ddf elementor-view-default elementor-widget elementor-widget-icon\" data-id=\"02b2ddf\" data-element_type=\"widget\" data-e-type=\"widget\" data-widget_type=\"icon.default\">\n\t\t\t\t\t\t\t<div class=\"elementor-icon-wrapper\">\n\t\t\t<div class=\"elementor-icon\">\n\t\t\t<svg aria-hidden=\"true\" class=\"e-font-icon-svg e-fas-phone-alt\" viewBox=\"0 0 512 512\" xmlns=\"http:\/\/www.w3.org\/2000\/svg\"><path d=\"M497.39 361.8l-112-48a24 24 0 0 0-28 6.9l-49.6 60.6A370.66 370.66 0 0 1 130.6 204.11l60.6-49.6a23.94 23.94 0 0 0 6.9-28l-48-112A24.16 24.16 0 0 0 122.6.61l-104 24A24 24 0 0 0 0 48c0 256.5 207.9 464 464 464a24 24 0 0 0 23.4-18.6l24-104a24.29 24.29 0 0 0-14.01-27.6z\"><\/path><\/svg>\t\t\t<\/div>\n\t\t<\/div>\n\t\t\t\t\t\t<\/div>\n\t\t\t\t<\/div>\n\t\t<div class=\"elementor-element elementor-element-f396074 e-con-full e-flex e-con e-child\" data-id=\"f396074\" data-element_type=\"container\" data-e-type=\"container\">\n\t\t\t\t<div class=\"elementor-element elementor-element-a41a331 elementor-widget elementor-widget-text-editor\" data-id=\"a41a331\" data-element_type=\"widget\" data-e-type=\"widget\" data-widget_type=\"text-editor.default\">\n\t\t\t\t\t\t\t\t\t<p>Preferisci parlare con noi?<\/p>\t\t\t\t\t\t\t\t<\/div>\n\t\t\t\t<div class=\"elementor-element elementor-element-798e65e elementor-widget elementor-widget-heading\" data-id=\"798e65e\" data-element_type=\"widget\" data-e-type=\"widget\" data-widget_type=\"heading.default\">\n\t\t\t\t\t<h3 class=\"elementor-heading-title elementor-size-default\"><a href=\"tel:+393292237947\">+39 329 223 7947<\/a><\/h3>\t\t\t\t<\/div>\n\t\t\t\t<\/div>\n\t\t\t\t<\/div>\n\t\t\t\t<\/div>\n\t\t\t\t<\/div>\n\t\t\t\t<\/div>\n\t\t\n<\/section>\n\t\t<\/div>\n\t\t<\/div>\n\t\t\t\t\t\t<\/div>\n\t\t\n<\/div>\n\t\t<\/div>\n\t\t","protected":false},"excerpt":{"rendered":"<p>SIAMO A TUA DISPOSIZIONE Hai una domanda? Saremo felici di aiutarti Contattaci per ricevere informazioni sulla casa, sulla disponibilit\u00e0 o sul soggiorno. Ti risponderemo il prima possibile per aiutarti a organizzare la tua vacanza. Disponibilit\u00e0 Mettiamoci in contatto Preferisci scriverci o parlare direttamente con noi? Compila il modulo oppure chiamaci: saremo felici di aiutarti a [&hellip;]<\/p>\n","protected":false},"author":1,"featured_media":0,"parent":0,"menu_order":0,"comment_status":"closed","ping_status":"closed","template":"","meta":{"_acf_changed":false,"footnotes":""},"class_list":["post-738","page","type-page","status-publish","hentry"],"acf":[],"_links":{"self":[{"href":"https:\/\/calabria-casa-vacanze.it\/en\/wp-json\/wp\/v2\/pages\/738","targetHints":{"allow":["GET"]}}],"collection":[{"href":"https:\/\/calabria-casa-vacanze.it\/en\/wp-json\/wp\/v2\/pages"}],"about":[{"href":"https:\/\/calabria-casa-vacanze.it\/en\/wp-json\/wp\/v2\/types\/page"}],"author":[{"embeddable":true,"href":"https:\/\/calabria-casa-vacanze.it\/en\/wp-json\/wp\/v2\/users\/1"}],"replies":[{"embeddable":true,"href":"https:\/\/calabria-casa-vacanze.it\/en\/wp-json\/wp\/v2\/comments?post=738"}],"version-history":[{"count":204,"href":"https:\/\/calabria-casa-vacanze.it\/en\/wp-json\/wp\/v2\/pages\/738\/revisions"}],"predecessor-version":[{"id":4929,"href":"https:\/\/calabria-casa-vacanze.it\/en\/wp-json\/wp\/v2\/pages\/738\/revisions\/4929"}],"wp:attachment":[{"href":"https:\/\/calabria-casa-vacanze.it\/en\/wp-json\/wp\/v2\/media?parent=738"}],"curies":[{"name":"wp","href":"https:\/\/api.w.org\/{rel}","templated":true}]}}